{"id":103,"date":"2015-12-09T12:16:25","date_gmt":"2015-12-09T10:16:25","guid":{"rendered":"http:\/\/motivation.ro\/en\/?page_id=103"},"modified":"2016-02-23T15:01:47","modified_gmt":"2016-02-23T13:01:47","slug":"the-mobility-caravan","status":"publish","type":"page","link":"https:\/\/motivation.ro\/en\/programmes\/active-rehabilitation-independent-living\/the-mobility-caravan\/","title":{"rendered":"The Mobility Caravan"},"content":{"rendered":"<style type=\"text\/css\"><\/style><p>Funda\u021bia Motivation Rom\u00e2nia deruleaz\u0103, \u00een perioada aprilie 2014-aprilie 2015, proiectul Caravana Mobilit\u0103\u021bii, finan\u021bat de Funda\u021bia Vodafone Rom\u00e2nia.\u00a0Proiectul \u00ee\u0219i propune s\u0103 pun\u0103 \u00een aplicare\u00a0un model inovator de servicii mobile pentru persoanele cu dizabilit\u0103\u021bi locomotorii care nu au avut p\u00e2n\u0103 acum \u0219ansa de a tr\u0103i independent.<\/p>\n<p><img fetchpriority=\"high\" decoding=\"async\" class=\"alignright\" src=\"http:\/\/www.motivation.ro\/en\/uploads\/images\/Stiri%20si%20evenimente\/Logo%20Fundatie%20VDF%20rosu%20(1).jpg\" alt=\"\" width=\"400\" height=\"188\" \/><a href=\"http:\/\/www.fundatia-vodafone.ro\/\">Funda\u021bia Vodafone Rom\u00e2nia<\/a> sus\u021bine Fundatia Motivation Romania de 13 ani pentru donarea de scaune rulante copiilor cu dizabilit\u0103\u021bi din \u00eentreaga \u021bar\u0103 \u0219i pentru dezvoltarea oportunit\u0103\u021bilor de terapie ocupa\u021bional\u0103 pentru tineri cu dizabilit\u0103\u021bi severe dezinstitu\u021bionaliza\u021bi \u00een casele de tip familial Motivation.<\/p>\n<p><strong>Fundatia Vodafone Romania<\/strong> este o organizatie non-guvernamentala romaneasca cu statut caritabil, distincta de operatiunile comerciale ale companiei, infiintata in 1998. In cei 16 ani de activitate, Fundatia Vodafone Romania a finantat peste 768 de programe in beneficiul copiilor, batranilor, persoanelor defavorizate si tinerilor cu dizabilitati intelectuale sau locomotorii. Pana in prezent, Fundatia Vodafone a investit 17 milioane Euro in proiecte desfasurate de organizatiile non profit partenere. Mai multe detalii despre programele Fundatiei se regasesc pe\u00a0<a href=\"http:\/\/www.fundatia-vodafone.ro\/\">www.fundatia-vodafone.ro<\/a>,\u00a0<a href=\"http:\/\/www.facebook.com\/fundatiavodafone\">www.facebook.com\/fundatiavodafone<\/a>,\u00a0<a href=\"http:\/\/fundatiavodafone-blog.ro\/\">http:\/\/fundatiavodafone-blog.ro<\/a>.<\/p>\n","protected":false},"excerpt":{"rendered":"<p>Funda\u021bia Motivation Rom\u00e2nia deruleaz\u0103, \u00een perioada aprilie 2014-aprilie 2015, proiectul Caravana Mobilit\u0103\u021bii, finan\u021bat de Funda\u021bia Vodafone Rom\u00e2nia.\u00a0Proiectul \u00ee\u0219i propune s\u0103 pun\u0103 \u00een aplicare\u00a0un model inovator de servicii mobile pentru persoanele cu dizabilit\u0103\u021bi locomotorii care nu au avut p\u00e2n\u0103 acum \u0219ansa de a tr\u0103i independent. Funda\u021bia Vodafone Rom\u00e2nia sus\u021bine Fundatia Motivation Romania de 13 ani pentru&#8230;<\/p>\n","protected":false},"author":1,"featured_media":0,"parent":65,"menu_order":0,"comment_status":"closed","ping_status":"closed","template":"","meta":{"footnotes":""},"class_list":["post-103","page","type-page","status-publish","hentry"],"yoast_head":"<!-- This site is optimized with the Yoast SEO plugin v27.1.1 - https:\/\/yoast.com\/product\/yoast-seo-wordpress\/ -->\n<title>The Mobility Caravan - Motivation Romania NGO<\/title>\n<meta name=\"robots\" content=\"index, follow, max-snippet:-1, max-image-preview:large, max-video-preview:-1\" \/>\n<link rel=\"canonical\" href=\"https:\/\/motivation.ro\/en\/programmes\/active-rehabilitation-independent-living\/the-mobility-caravan\/\" \/>\n<meta property=\"og:locale\" content=\"en_US\" \/>\n<meta property=\"og:type\" content=\"article\" \/>\n<meta property=\"og:title\" content=\"The Mobility Caravan - Motivation Romania NGO\" \/>\n<meta property=\"og:description\" content=\"Funda\u021bia Motivation Rom\u00e2nia deruleaz\u0103, \u00een perioada aprilie 2014-aprilie 2015, proiectul Caravana Mobilit\u0103\u021bii, finan\u021bat de Funda\u021bia Vodafone Rom\u00e2nia.\u00a0Proiectul \u00ee\u0219i propune s\u0103 pun\u0103 \u00een aplicare\u00a0un model inovator de servicii mobile pentru persoanele cu dizabilit\u0103\u021bi locomotorii care nu au avut p\u00e2n\u0103 acum \u0219ansa de a tr\u0103i independent. Funda\u021bia Vodafone Rom\u00e2nia sus\u021bine Fundatia Motivation Romania de 13 ani pentru...\" \/>\n<meta property=\"og:url\" content=\"https:\/\/motivation.ro\/en\/programmes\/active-rehabilitation-independent-living\/the-mobility-caravan\/\" \/>\n<meta property=\"og:site_name\" content=\"Motivation Romania NGO\" \/>\n<meta property=\"article:publisher\" content=\"https:\/\/www.facebook.com\/FundatiaMotivationRomania\" \/>\n<meta property=\"article:modified_time\" content=\"2016-02-23T13:01:47+00:00\" \/>\n<meta property=\"og:image\" content=\"http:\/\/www.motivation.ro\/en\/uploads\/images\/Stiri%20si%20evenimente\/Logo%20Fundatie%20VDF%20rosu%20(1).jpg\" \/>\n<meta name=\"twitter:card\" content=\"summary_large_image\" \/>\n<meta name=\"twitter:label1\" content=\"Est. reading time\" \/>\n\t<meta name=\"twitter:data1\" content=\"1 minute\" \/>\n<script type=\"application\/ld+json\" class=\"yoast-schema-graph\">{\"@context\":\"https:\/\/schema.org\",\"@graph\":[{\"@type\":\"WebPage\",\"@id\":\"https:\/\/motivation.ro\/en\/programmes\/active-rehabilitation-independent-living\/the-mobility-caravan\/\",\"url\":\"https:\/\/motivation.ro\/en\/programmes\/active-rehabilitation-independent-living\/the-mobility-caravan\/\",\"name\":\"The Mobility Caravan - Motivation Romania NGO\",\"isPartOf\":{\"@id\":\"https:\/\/motivation.ro\/en\/#website\"},\"primaryImageOfPage\":{\"@id\":\"https:\/\/motivation.ro\/en\/programmes\/active-rehabilitation-independent-living\/the-mobility-caravan\/#primaryimage\"},\"image\":{\"@id\":\"https:\/\/motivation.ro\/en\/programmes\/active-rehabilitation-independent-living\/the-mobility-caravan\/#primaryimage\"},\"thumbnailUrl\":\"http:\/\/www.motivation.ro\/en\/uploads\/images\/Stiri%20si%20evenimente\/Logo%20Fundatie%20VDF%20rosu%20(1).jpg\",\"datePublished\":\"2015-12-09T10:16:25+00:00\",\"dateModified\":\"2016-02-23T13:01:47+00:00\",\"breadcrumb\":{\"@id\":\"https:\/\/motivation.ro\/en\/programmes\/active-rehabilitation-independent-living\/the-mobility-caravan\/#breadcrumb\"},\"inLanguage\":\"en-US\",\"potentialAction\":[{\"@type\":\"ReadAction\",\"target\":[\"https:\/\/motivation.ro\/en\/programmes\/active-rehabilitation-independent-living\/the-mobility-caravan\/\"]}]},{\"@type\":\"ImageObject\",\"inLanguage\":\"en-US\",\"@id\":\"https:\/\/motivation.ro\/en\/programmes\/active-rehabilitation-independent-living\/the-mobility-caravan\/#primaryimage\",\"url\":\"http:\/\/www.motivation.ro\/en\/uploads\/images\/Stiri%20si%20evenimente\/Logo%20Fundatie%20VDF%20rosu%20(1).jpg\",\"contentUrl\":\"http:\/\/www.motivation.ro\/en\/uploads\/images\/Stiri%20si%20evenimente\/Logo%20Fundatie%20VDF%20rosu%20(1).jpg\"},{\"@type\":\"BreadcrumbList\",\"@id\":\"https:\/\/motivation.ro\/en\/programmes\/active-rehabilitation-independent-living\/the-mobility-caravan\/#breadcrumb\",\"itemListElement\":[{\"@type\":\"ListItem\",\"position\":1,\"name\":\"Home\",\"item\":\"https:\/\/motivation.ro\/en\/\"},{\"@type\":\"ListItem\",\"position\":2,\"name\":\"Programmes\",\"item\":\"https:\/\/motivation.ro\/en\/programmes\/\"},{\"@type\":\"ListItem\",\"position\":3,\"name\":\"Active Rehabilitation and Independent Living Training\",\"item\":\"https:\/\/motivation.ro\/en\/programmes\/active-rehabilitation-independent-living\/\"},{\"@type\":\"ListItem\",\"position\":4,\"name\":\"The Mobility Caravan\"}]},{\"@type\":\"WebSite\",\"@id\":\"https:\/\/motivation.ro\/en\/#website\",\"url\":\"https:\/\/motivation.ro\/en\/\",\"name\":\"Motivation Romania NGO\",\"description\":\"FMR\",\"publisher\":{\"@id\":\"https:\/\/motivation.ro\/en\/#organization\"},\"potentialAction\":[{\"@type\":\"SearchAction\",\"target\":{\"@type\":\"EntryPoint\",\"urlTemplate\":\"https:\/\/motivation.ro\/en\/?s={search_term_string}\"},\"query-input\":{\"@type\":\"PropertyValueSpecification\",\"valueRequired\":true,\"valueName\":\"search_term_string\"}}],\"inLanguage\":\"en-US\"},{\"@type\":\"Organization\",\"@id\":\"https:\/\/motivation.ro\/en\/#organization\",\"name\":\"Fundatia Motivation Romania\",\"url\":\"https:\/\/motivation.ro\/en\/\",\"logo\":{\"@type\":\"ImageObject\",\"inLanguage\":\"en-US\",\"@id\":\"https:\/\/motivation.ro\/en\/#\/schema\/logo\/image\/\",\"url\":\"https:\/\/motivation.ro\/en\/wp-content\/uploads\/sites\/10\/2015\/12\/logo_mot_shadow.png\",\"contentUrl\":\"https:\/\/motivation.ro\/en\/wp-content\/uploads\/sites\/10\/2015\/12\/logo_mot_shadow.png\",\"width\":350,\"height\":84,\"caption\":\"Fundatia Motivation Romania\"},\"image\":{\"@id\":\"https:\/\/motivation.ro\/en\/#\/schema\/logo\/image\/\"},\"sameAs\":[\"https:\/\/www.facebook.com\/FundatiaMotivationRomania\"]}]}<\/script>\n<!-- \/ Yoast SEO plugin. -->","yoast_head_json":{"title":"The Mobility Caravan - Motivation Romania NGO","robots":{"index":"index","follow":"follow","max-snippet":"max-snippet:-1","max-image-preview":"max-image-preview:large","max-video-preview":"max-video-preview:-1"},"canonical":"https:\/\/motivation.ro\/en\/programmes\/active-rehabilitation-independent-living\/the-mobility-caravan\/","og_locale":"en_US","og_type":"article","og_title":"The Mobility Caravan - Motivation Romania NGO","og_description":"Funda\u021bia Motivation Rom\u00e2nia deruleaz\u0103, \u00een perioada aprilie 2014-aprilie 2015, proiectul Caravana Mobilit\u0103\u021bii, finan\u021bat de Funda\u021bia Vodafone Rom\u00e2nia.\u00a0Proiectul \u00ee\u0219i propune s\u0103 pun\u0103 \u00een aplicare\u00a0un model inovator de servicii mobile pentru persoanele cu dizabilit\u0103\u021bi locomotorii care nu au avut p\u00e2n\u0103 acum \u0219ansa de a tr\u0103i independent. Funda\u021bia Vodafone Rom\u00e2nia sus\u021bine Fundatia Motivation Romania de 13 ani pentru...","og_url":"https:\/\/motivation.ro\/en\/programmes\/active-rehabilitation-independent-living\/the-mobility-caravan\/","og_site_name":"Motivation Romania NGO","article_publisher":"https:\/\/www.facebook.com\/FundatiaMotivationRomania","article_modified_time":"2016-02-23T13:01:47+00:00","og_image":[{"url":"http:\/\/www.motivation.ro\/en\/uploads\/images\/Stiri%20si%20evenimente\/Logo%20Fundatie%20VDF%20rosu%20(1).jpg","type":"","width":"","height":""}],"twitter_card":"summary_large_image","twitter_misc":{"Est. reading time":"1 minute"},"schema":{"@context":"https:\/\/schema.org","@graph":[{"@type":"WebPage","@id":"https:\/\/motivation.ro\/en\/programmes\/active-rehabilitation-independent-living\/the-mobility-caravan\/","url":"https:\/\/motivation.ro\/en\/programmes\/active-rehabilitation-independent-living\/the-mobility-caravan\/","name":"The Mobility Caravan - Motivation Romania NGO","isPartOf":{"@id":"https:\/\/motivation.ro\/en\/#website"},"primaryImageOfPage":{"@id":"https:\/\/motivation.ro\/en\/programmes\/active-rehabilitation-independent-living\/the-mobility-caravan\/#primaryimage"},"image":{"@id":"https:\/\/motivation.ro\/en\/programmes\/active-rehabilitation-independent-living\/the-mobility-caravan\/#primaryimage"},"thumbnailUrl":"http:\/\/www.motivation.ro\/en\/uploads\/images\/Stiri%20si%20evenimente\/Logo%20Fundatie%20VDF%20rosu%20(1).jpg","datePublished":"2015-12-09T10:16:25+00:00","dateModified":"2016-02-23T13:01:47+00:00","breadcrumb":{"@id":"https:\/\/motivation.ro\/en\/programmes\/active-rehabilitation-independent-living\/the-mobility-caravan\/#breadcrumb"},"inLanguage":"en-US","potentialAction":[{"@type":"ReadAction","target":["https:\/\/motivation.ro\/en\/programmes\/active-rehabilitation-independent-living\/the-mobility-caravan\/"]}]},{"@type":"ImageObject","inLanguage":"en-US","@id":"https:\/\/motivation.ro\/en\/programmes\/active-rehabilitation-independent-living\/the-mobility-caravan\/#primaryimage","url":"http:\/\/www.motivation.ro\/en\/uploads\/images\/Stiri%20si%20evenimente\/Logo%20Fundatie%20VDF%20rosu%20(1).jpg","contentUrl":"http:\/\/www.motivation.ro\/en\/uploads\/images\/Stiri%20si%20evenimente\/Logo%20Fundatie%20VDF%20rosu%20(1).jpg"},{"@type":"BreadcrumbList","@id":"https:\/\/motivation.ro\/en\/programmes\/active-rehabilitation-independent-living\/the-mobility-caravan\/#breadcrumb","itemListElement":[{"@type":"ListItem","position":1,"name":"Home","item":"https:\/\/motivation.ro\/en\/"},{"@type":"ListItem","position":2,"name":"Programmes","item":"https:\/\/motivation.ro\/en\/programmes\/"},{"@type":"ListItem","position":3,"name":"Active Rehabilitation and Independent Living Training","item":"https:\/\/motivation.ro\/en\/programmes\/active-rehabilitation-independent-living\/"},{"@type":"ListItem","position":4,"name":"The Mobility Caravan"}]},{"@type":"WebSite","@id":"https:\/\/motivation.ro\/en\/#website","url":"https:\/\/motivation.ro\/en\/","name":"Motivation Romania NGO","description":"FMR","publisher":{"@id":"https:\/\/motivation.ro\/en\/#organization"},"potentialAction":[{"@type":"SearchAction","target":{"@type":"EntryPoint","urlTemplate":"https:\/\/motivation.ro\/en\/?s={search_term_string}"},"query-input":{"@type":"PropertyValueSpecification","valueRequired":true,"valueName":"search_term_string"}}],"inLanguage":"en-US"},{"@type":"Organization","@id":"https:\/\/motivation.ro\/en\/#organization","name":"Fundatia Motivation Romania","url":"https:\/\/motivation.ro\/en\/","logo":{"@type":"ImageObject","inLanguage":"en-US","@id":"https:\/\/motivation.ro\/en\/#\/schema\/logo\/image\/","url":"https:\/\/motivation.ro\/en\/wp-content\/uploads\/sites\/10\/2015\/12\/logo_mot_shadow.png","contentUrl":"https:\/\/motivation.ro\/en\/wp-content\/uploads\/sites\/10\/2015\/12\/logo_mot_shadow.png","width":350,"height":84,"caption":"Fundatia Motivation Romania"},"image":{"@id":"https:\/\/motivation.ro\/en\/#\/schema\/logo\/image\/"},"sameAs":["https:\/\/www.facebook.com\/FundatiaMotivationRomania"]}]}},"_links":{"self":[{"href":"https:\/\/motivation.ro\/en\/wp-json\/wp\/v2\/pages\/103","targetHints":{"allow":["GET"]}}],"collection":[{"href":"https:\/\/motivation.ro\/en\/wp-json\/wp\/v2\/pages"}],"about":[{"href":"https:\/\/motivation.ro\/en\/wp-json\/wp\/v2\/types\/page"}],"author":[{"embeddable":true,"href":"https:\/\/motivation.ro\/en\/wp-json\/wp\/v2\/users\/1"}],"replies":[{"embeddable":true,"href":"https:\/\/motivation.ro\/en\/wp-json\/wp\/v2\/comments?post=103"}],"version-history":[{"count":4,"href":"https:\/\/motivation.ro\/en\/wp-json\/wp\/v2\/pages\/103\/revisions"}],"predecessor-version":[{"id":2400,"href":"https:\/\/motivation.ro\/en\/wp-json\/wp\/v2\/pages\/103\/revisions\/2400"}],"up":[{"embeddable":true,"href":"https:\/\/motivation.ro\/en\/wp-json\/wp\/v2\/pages\/65"}],"wp:attachment":[{"href":"https:\/\/motivation.ro\/en\/wp-json\/wp\/v2\/media?parent=103"}],"curies":[{"name":"wp","href":"https:\/\/api.w.org\/{rel}","templated":true}]}}