{"id":105,"date":"2015-12-09T12:17:32","date_gmt":"2015-12-09T10:17:32","guid":{"rendered":"http:\/\/motivation.ro\/en\/?page_id=105"},"modified":"2016-02-23T15:04:00","modified_gmt":"2016-02-23T13:04:00","slug":"project-description","status":"publish","type":"page","link":"https:\/\/motivation.ro\/en\/programmes\/active-rehabilitation-independent-living\/the-mobility-caravan\/project-description\/","title":{"rendered":"Project description"},"content":{"rendered":"<style type=\"text\/css\"><\/style><p><strong>Scop: <\/strong>\u00cembun\u0103t\u0103\u021birea mobilit\u0103\u021bii personale, \u00eencrederii \u00een for\u021bele proprii \u0219i oportunit\u0103\u021bilor de a-\u0219i demonstra abilit\u0103\u021bile a peste 120 de rom\u00e2ni cu dizabilit\u0103\u021bi, \u00een special provenind din zone rurale izolate.<br \/>\n<strong>Obiective:<\/strong><\/p>\n<ol>\n<li>Crearea Caravanei Mobilit\u0103\u021bii, o ini\u021biativ\u0103-pilot inovatoare \u00een Rom\u00e2nia, prin intermediul c\u0103reia vom oferi echipamente de mobilitate personalizate, adapt\u0103ri \u0219i reparatii, \u00eempreun\u0103 cu instruire pentru via\u021b\u0103 independent\u0103, pentru 80 de persoane cu dizabilit\u0103\u021bi din localit\u0103\u021bi izolate din Romania.<\/li>\n<li>\u00cembun\u0103t\u0103\u021birea \u00eencrederii \u00een sine a persoanelor cu dizabilit\u0103\u021bi \u0219i demonstrarea abilit\u0103\u021bilor lor prin evenimente sportive care vor implica 15 persoane cu dizabilit\u0103\u021bi, sprijinite de 30 de voluntari f\u0103r\u0103 dizabilit\u0103\u021bi (angaja\u021bi Motivation \u0219i Vodafone).<\/li>\n<li>Activit\u0103\u021bi Gentle Teaching pentru \u00eembun\u0103t\u0103\u021birea calit\u0103\u021bii vie\u021bii a 27 de copii \u0219i adulti cu dizabilit\u0103\u021bi medii \u0219i severe dezinstitu\u021bionaliza\u021bi de Motivation.<\/li>\n<\/ol>\n<p><strong>Beneficiarii proiectului sunt:<\/strong><\/p>\n<p><strong>&#8211; c<\/strong>opii, tineri \u0219i adul\u021bi cu dizabilit\u0103\u021bi fizice din localit\u0103\u021bi rurale\/izolate, \u00een special\u00a0<a href=\"http:\/\/www.motivation.ro\/en\/ro\/programe-proiecte\/instruire-pentru-viata-independenta\/caravana-mobilita-ii\/caravana-mobilitatii-in-neamt-si-bacau\">Neam\u021b<\/a>,\u00a0Tulcea, Alba\u00a0\u0219i\u00a0Constan\u021ba.\u00a0Ace\u0219tia vor beneficia de echipamente de mobilitate corespunz\u0103toare, personalizate, respectiv adapt\u0103ri\/repara\u021bii dup\u0103 caz, \u00eempreun\u0103 cu instruirea pentru viata independenta, precum \u0219i participarea la demonstra\u021bii sportive \u00eempreun\u0103 cu persoane f\u0103r\u0103 dizabilit\u0103\u021bi. Aceste persoane vor fi selectate \u00een primul r\u00e2nd pe baza domiciliului \u00eentr-o localitate rural\u0103 izolat\u0103, care nu permit accesul la un echipament de mobilitate corespunz\u0103tor, sau la un serviciu de repara\u021bii\/adapt\u0103ri ale echipamentului de mobilitate.<\/p>\n<p>&#8211; \u00a0copii \u0219i tineri cu dizabilit\u0103\u021bi dezinstitutionaliza\u021bi de Motivation, care locuiesc \u00een casele de tip familial din jude\u021bul Ilfov. Ace\u0219tia vor participa la activit\u0103\u021bi \u201eGentle Teaching\u201d \u00eempreun\u0103 cu speciali\u0219tii Motivation care lucreaz\u0103 cu ei.<\/p>\n","protected":false},"excerpt":{"rendered":"<p>Scop: \u00cembun\u0103t\u0103\u021birea mobilit\u0103\u021bii personale, \u00eencrederii \u00een for\u021bele proprii \u0219i oportunit\u0103\u021bilor de a-\u0219i demonstra abilit\u0103\u021bile a peste 120 de rom\u00e2ni cu dizabilit\u0103\u021bi, \u00een special provenind din zone rurale izolate. Obiective: Crearea Caravanei Mobilit\u0103\u021bii, o ini\u021biativ\u0103-pilot inovatoare \u00een Rom\u00e2nia, prin intermediul c\u0103reia vom oferi echipamente de mobilitate personalizate, adapt\u0103ri \u0219i reparatii, \u00eempreun\u0103 cu instruire pentru via\u021b\u0103 independent\u0103,&#8230;<\/p>\n","protected":false},"author":1,"featured_media":0,"parent":103,"menu_order":0,"comment_status":"closed","ping_status":"closed","template":"","meta":{"footnotes":""},"class_list":["post-105","page","type-page","status-publish","hentry"],"yoast_head":"<!-- This site is optimized with the Yoast SEO plugin v27.1.1 - https:\/\/yoast.com\/product\/yoast-seo-wordpress\/ -->\n<title>Project description - Motivation Romania NGO<\/title>\n<meta name=\"robots\" content=\"index, follow, max-snippet:-1, max-image-preview:large, max-video-preview:-1\" \/>\n<link rel=\"canonical\" href=\"https:\/\/motivation.ro\/en\/programmes\/active-rehabilitation-independent-living\/the-mobility-caravan\/project-description\/\" \/>\n<meta property=\"og:locale\" content=\"en_US\" \/>\n<meta property=\"og:type\" content=\"article\" \/>\n<meta property=\"og:title\" content=\"Project description - Motivation Romania NGO\" \/>\n<meta property=\"og:description\" content=\"Scop: \u00cembun\u0103t\u0103\u021birea mobilit\u0103\u021bii personale, \u00eencrederii \u00een for\u021bele proprii \u0219i oportunit\u0103\u021bilor de a-\u0219i demonstra abilit\u0103\u021bile a peste 120 de rom\u00e2ni cu dizabilit\u0103\u021bi, \u00een special provenind din zone rurale izolate. Obiective: Crearea Caravanei Mobilit\u0103\u021bii, o ini\u021biativ\u0103-pilot inovatoare \u00een Rom\u00e2nia, prin intermediul c\u0103reia vom oferi echipamente de mobilitate personalizate, adapt\u0103ri \u0219i reparatii, \u00eempreun\u0103 cu instruire pentru via\u021b\u0103 independent\u0103,...\" \/>\n<meta property=\"og:url\" content=\"https:\/\/motivation.ro\/en\/programmes\/active-rehabilitation-independent-living\/the-mobility-caravan\/project-description\/\" \/>\n<meta property=\"og:site_name\" content=\"Motivation Romania NGO\" \/>\n<meta property=\"article:publisher\" content=\"https:\/\/www.facebook.com\/FundatiaMotivationRomania\" \/>\n<meta property=\"article:modified_time\" content=\"2016-02-23T13:04:00+00:00\" \/>\n<meta name=\"twitter:card\" content=\"summary_large_image\" \/>\n<meta name=\"twitter:label1\" content=\"Est. reading time\" \/>\n\t<meta name=\"twitter:data1\" content=\"1 minute\" \/>\n<script type=\"application\/ld+json\" class=\"yoast-schema-graph\">{\"@context\":\"https:\/\/schema.org\",\"@graph\":[{\"@type\":\"WebPage\",\"@id\":\"https:\/\/motivation.ro\/en\/programmes\/active-rehabilitation-independent-living\/the-mobility-caravan\/project-description\/\",\"url\":\"https:\/\/motivation.ro\/en\/programmes\/active-rehabilitation-independent-living\/the-mobility-caravan\/project-description\/\",\"name\":\"Project description - Motivation Romania NGO\",\"isPartOf\":{\"@id\":\"https:\/\/motivation.ro\/en\/#website\"},\"datePublished\":\"2015-12-09T10:17:32+00:00\",\"dateModified\":\"2016-02-23T13:04:00+00:00\",\"breadcrumb\":{\"@id\":\"https:\/\/motivation.ro\/en\/programmes\/active-rehabilitation-independent-living\/the-mobility-caravan\/project-description\/#breadcrumb\"},\"inLanguage\":\"en-US\",\"potentialAction\":[{\"@type\":\"ReadAction\",\"target\":[\"https:\/\/motivation.ro\/en\/programmes\/active-rehabilitation-independent-living\/the-mobility-caravan\/project-description\/\"]}]},{\"@type\":\"BreadcrumbList\",\"@id\":\"https:\/\/motivation.ro\/en\/programmes\/active-rehabilitation-independent-living\/the-mobility-caravan\/project-description\/#breadcrumb\",\"itemListElement\":[{\"@type\":\"ListItem\",\"position\":1,\"name\":\"Home\",\"item\":\"https:\/\/motivation.ro\/en\/\"},{\"@type\":\"ListItem\",\"position\":2,\"name\":\"Programmes\",\"item\":\"https:\/\/motivation.ro\/en\/programmes\/\"},{\"@type\":\"ListItem\",\"position\":3,\"name\":\"Active Rehabilitation and Independent Living Training\",\"item\":\"https:\/\/motivation.ro\/en\/programmes\/active-rehabilitation-independent-living\/\"},{\"@type\":\"ListItem\",\"position\":4,\"name\":\"The Mobility Caravan\",\"item\":\"https:\/\/motivation.ro\/en\/programmes\/active-rehabilitation-independent-living\/the-mobility-caravan\/\"},{\"@type\":\"ListItem\",\"position\":5,\"name\":\"Project description\"}]},{\"@type\":\"WebSite\",\"@id\":\"https:\/\/motivation.ro\/en\/#website\",\"url\":\"https:\/\/motivation.ro\/en\/\",\"name\":\"Motivation Romania NGO\",\"description\":\"FMR\",\"publisher\":{\"@id\":\"https:\/\/motivation.ro\/en\/#organization\"},\"potentialAction\":[{\"@type\":\"SearchAction\",\"target\":{\"@type\":\"EntryPoint\",\"urlTemplate\":\"https:\/\/motivation.ro\/en\/?s={search_term_string}\"},\"query-input\":{\"@type\":\"PropertyValueSpecification\",\"valueRequired\":true,\"valueName\":\"search_term_string\"}}],\"inLanguage\":\"en-US\"},{\"@type\":\"Organization\",\"@id\":\"https:\/\/motivation.ro\/en\/#organization\",\"name\":\"Fundatia Motivation Romania\",\"url\":\"https:\/\/motivation.ro\/en\/\",\"logo\":{\"@type\":\"ImageObject\",\"inLanguage\":\"en-US\",\"@id\":\"https:\/\/motivation.ro\/en\/#\/schema\/logo\/image\/\",\"url\":\"https:\/\/motivation.ro\/en\/wp-content\/uploads\/sites\/10\/2015\/12\/logo_mot_shadow.png\",\"contentUrl\":\"https:\/\/motivation.ro\/en\/wp-content\/uploads\/sites\/10\/2015\/12\/logo_mot_shadow.png\",\"width\":350,\"height\":84,\"caption\":\"Fundatia Motivation Romania\"},\"image\":{\"@id\":\"https:\/\/motivation.ro\/en\/#\/schema\/logo\/image\/\"},\"sameAs\":[\"https:\/\/www.facebook.com\/FundatiaMotivationRomania\"]}]}<\/script>\n<!-- \/ Yoast SEO plugin. -->","yoast_head_json":{"title":"Project description - Motivation Romania NGO","robots":{"index":"index","follow":"follow","max-snippet":"max-snippet:-1","max-image-preview":"max-image-preview:large","max-video-preview":"max-video-preview:-1"},"canonical":"https:\/\/motivation.ro\/en\/programmes\/active-rehabilitation-independent-living\/the-mobility-caravan\/project-description\/","og_locale":"en_US","og_type":"article","og_title":"Project description - Motivation Romania NGO","og_description":"Scop: \u00cembun\u0103t\u0103\u021birea mobilit\u0103\u021bii personale, \u00eencrederii \u00een for\u021bele proprii \u0219i oportunit\u0103\u021bilor de a-\u0219i demonstra abilit\u0103\u021bile a peste 120 de rom\u00e2ni cu dizabilit\u0103\u021bi, \u00een special provenind din zone rurale izolate. Obiective: Crearea Caravanei Mobilit\u0103\u021bii, o ini\u021biativ\u0103-pilot inovatoare \u00een Rom\u00e2nia, prin intermediul c\u0103reia vom oferi echipamente de mobilitate personalizate, adapt\u0103ri \u0219i reparatii, \u00eempreun\u0103 cu instruire pentru via\u021b\u0103 independent\u0103,...","og_url":"https:\/\/motivation.ro\/en\/programmes\/active-rehabilitation-independent-living\/the-mobility-caravan\/project-description\/","og_site_name":"Motivation Romania NGO","article_publisher":"https:\/\/www.facebook.com\/FundatiaMotivationRomania","article_modified_time":"2016-02-23T13:04:00+00:00","twitter_card":"summary_large_image","twitter_misc":{"Est. reading time":"1 minute"},"schema":{"@context":"https:\/\/schema.org","@graph":[{"@type":"WebPage","@id":"https:\/\/motivation.ro\/en\/programmes\/active-rehabilitation-independent-living\/the-mobility-caravan\/project-description\/","url":"https:\/\/motivation.ro\/en\/programmes\/active-rehabilitation-independent-living\/the-mobility-caravan\/project-description\/","name":"Project description - Motivation Romania NGO","isPartOf":{"@id":"https:\/\/motivation.ro\/en\/#website"},"datePublished":"2015-12-09T10:17:32+00:00","dateModified":"2016-02-23T13:04:00+00:00","breadcrumb":{"@id":"https:\/\/motivation.ro\/en\/programmes\/active-rehabilitation-independent-living\/the-mobility-caravan\/project-description\/#breadcrumb"},"inLanguage":"en-US","potentialAction":[{"@type":"ReadAction","target":["https:\/\/motivation.ro\/en\/programmes\/active-rehabilitation-independent-living\/the-mobility-caravan\/project-description\/"]}]},{"@type":"BreadcrumbList","@id":"https:\/\/motivation.ro\/en\/programmes\/active-rehabilitation-independent-living\/the-mobility-caravan\/project-description\/#breadcrumb","itemListElement":[{"@type":"ListItem","position":1,"name":"Home","item":"https:\/\/motivation.ro\/en\/"},{"@type":"ListItem","position":2,"name":"Programmes","item":"https:\/\/motivation.ro\/en\/programmes\/"},{"@type":"ListItem","position":3,"name":"Active Rehabilitation and Independent Living Training","item":"https:\/\/motivation.ro\/en\/programmes\/active-rehabilitation-independent-living\/"},{"@type":"ListItem","position":4,"name":"The Mobility Caravan","item":"https:\/\/motivation.ro\/en\/programmes\/active-rehabilitation-independent-living\/the-mobility-caravan\/"},{"@type":"ListItem","position":5,"name":"Project description"}]},{"@type":"WebSite","@id":"https:\/\/motivation.ro\/en\/#website","url":"https:\/\/motivation.ro\/en\/","name":"Motivation Romania NGO","description":"FMR","publisher":{"@id":"https:\/\/motivation.ro\/en\/#organization"},"potentialAction":[{"@type":"SearchAction","target":{"@type":"EntryPoint","urlTemplate":"https:\/\/motivation.ro\/en\/?s={search_term_string}"},"query-input":{"@type":"PropertyValueSpecification","valueRequired":true,"valueName":"search_term_string"}}],"inLanguage":"en-US"},{"@type":"Organization","@id":"https:\/\/motivation.ro\/en\/#organization","name":"Fundatia Motivation Romania","url":"https:\/\/motivation.ro\/en\/","logo":{"@type":"ImageObject","inLanguage":"en-US","@id":"https:\/\/motivation.ro\/en\/#\/schema\/logo\/image\/","url":"https:\/\/motivation.ro\/en\/wp-content\/uploads\/sites\/10\/2015\/12\/logo_mot_shadow.png","contentUrl":"https:\/\/motivation.ro\/en\/wp-content\/uploads\/sites\/10\/2015\/12\/logo_mot_shadow.png","width":350,"height":84,"caption":"Fundatia Motivation Romania"},"image":{"@id":"https:\/\/motivation.ro\/en\/#\/schema\/logo\/image\/"},"sameAs":["https:\/\/www.facebook.com\/FundatiaMotivationRomania"]}]}},"_links":{"self":[{"href":"https:\/\/motivation.ro\/en\/wp-json\/wp\/v2\/pages\/105","targetHints":{"allow":["GET"]}}],"collection":[{"href":"https:\/\/motivation.ro\/en\/wp-json\/wp\/v2\/pages"}],"about":[{"href":"https:\/\/motivation.ro\/en\/wp-json\/wp\/v2\/types\/page"}],"author":[{"embeddable":true,"href":"https:\/\/motivation.ro\/en\/wp-json\/wp\/v2\/users\/1"}],"replies":[{"embeddable":true,"href":"https:\/\/motivation.ro\/en\/wp-json\/wp\/v2\/comments?post=105"}],"version-history":[{"count":3,"href":"https:\/\/motivation.ro\/en\/wp-json\/wp\/v2\/pages\/105\/revisions"}],"predecessor-version":[{"id":2405,"href":"https:\/\/motivation.ro\/en\/wp-json\/wp\/v2\/pages\/105\/revisions\/2405"}],"up":[{"embeddable":true,"href":"https:\/\/motivation.ro\/en\/wp-json\/wp\/v2\/pages\/103"}],"wp:attachment":[{"href":"https:\/\/motivation.ro\/en\/wp-json\/wp\/v2\/media?parent=105"}],"curies":[{"name":"wp","href":"https:\/\/api.w.org\/{rel}","templated":true}]}}