{"id":111,"date":"2015-12-09T12:22:59","date_gmt":"2015-12-09T10:22:59","guid":{"rendered":"http:\/\/motivation.ro\/en\/?page_id=111"},"modified":"2016-02-23T15:03:50","modified_gmt":"2016-02-23T13:03:50","slug":"mobility-caravan-reached-neamt-bacau","status":"publish","type":"page","link":"https:\/\/motivation.ro\/en\/programmes\/active-rehabilitation-independent-living\/the-mobility-caravan\/mobility-caravan-reached-neamt-bacau\/","title":{"rendered":"The Mobility Caravan reached Neam\u021b and Bac\u0103u"},"content":{"rendered":"<style type=\"text\/css\"><\/style><h2><\/h2>\n<p><strong><em>Caravana Mobilit\u0103\u021bii a ajuns la persoanele cu dizabilit\u0103\u021bi locomotorii din Bac\u0103u \u0219i Neam\u021b<\/em><\/strong><\/p>\n<ul>\n<li><strong><em>25 de utilizatori de scaune rulante din localit\u0103\u021bi rurale ale jude\u021belor Bac\u0103u \u0219i Neam\u021b au primit scaune rulante, instruc\u021biuni pentru folosirea lor \u0219i recomand\u0103ri medicale<\/em><\/strong><\/li>\n<\/ul>\n<p>&nbsp;<\/p>\n<p><strong>Piatra Neam\u021b, 27 iunie 2014<\/strong> \u2013 Caravana Mobilit\u0103\u021bii, primul atelier mobil de scaune rulante din tara, s-a oprit s\u0103pt\u0103m\u00e2na aceasta \u00een 2 localit\u0103\u021bi rurale din jude\u021bele Bac\u0103u \u0219i Neam\u021b. Proiectul este derulat de Funda\u021bia Motivation Rom\u00e2nia cu sprijin financiar de la Funda\u021bia Vodafone Rom\u00e2nia. 25 de persoane care utilizeaz\u0103 scaune rulante au beneficiat de echipamente de mobilitate noi sau de repara\u021bii si adapt\u0103ri ale celor vechi, astfel \u00eenc\u00e2t s\u0103 corespund\u0103 nevoilor pe care le au. Persoanele cu dizabilit\u0103\u021bi, adul\u021bi \u0219i copii, au primit, de asemenea informa\u021bii pentru utilizarea lor \u0219i au fost instruiti cu privire la dob\u00e2ndirea unui stil de via\u021b\u0103 independent, de la echipa multidisciplinar\u0103 care a \u00eenso\u021bit Caravana.<\/p>\n<p>Prima deplasare a Caravanei Mobilit\u0103\u021bii din acest an a avut loc \u00een perioada 24-27 iunie. Astfel, Caravana s-a oprit mai \u00eent\u00e2i \u00een localitatea V\u0103ratec, jude\u021bul Neam\u021b, unde echipa a oferit servicii pentru 15 de utilizatori de scaune rulante care locuiesc \u00een \u00eemprejurimi. Pe 27 iunie, Caravana Mobilit\u0103\u021bii s-a oprit \u00een R\u0103chitoasa, unde alte 10 persoane identificate de echipele noastre \u00een timpul vizitelor pe teren, au primit informa\u021biile \u0219i serviciile de care aveau nevoie pentru a trece peste obstacolele asociate dizabilit\u0103\u021bii.<\/p>\n<p><em>\u201dPrin evenimenele Caravanei venim \u00een sprijinul persoanelor cu dizabilit\u0103\u021bi care au nevoie de echipamente de mobilitate \u0219i de \u00eendrumare pentru a duce o via\u021b\u0103 independent\u0103. Beneficiarii au fost selecta\u021bi de echipele noastre regionale pe baza vizitelor de domiciliu \u0219i putem s\u0103 spunem c\u0103 prima ac\u021biune a Caravanei s-a \u00eencheiat cu succes. S-au format patru grupuri de lucru \u0219i participan\u021bii au primit pe r\u00e2nd informa\u021bii \u0219i instruire de la un asistent medical, de la un kinetoterapeut, un instructor de via\u021b\u0103 independent\u0103, care este el \u00eensu\u0219i utilizator de scaun rulant \u0219i de la un specialist \u00een adapt\u0103ri ale echipamentelor de mobilitate. Ast\u0103zi ne vom \u00eentoarce la sediu \u0219i vom revenim cu for\u021be proaspete la Tulcea, \u00een iulie, pentru a doua deplasare a Caravanei\u201d, a spus Cristian Ispas, Director General al Funda\u021biei Motivation Rom\u00e2nia.<\/em><\/p>\n<p><em><img fetchpriority=\"high\" decoding=\"async\" class=\"aligncenter\" src=\"http:\/\/www.motivation.ro\/en\/uploads\/images\/caravana_3.jpg\" alt=\"\" width=\"600\" height=\"400\" \/><br \/>\n<\/em><\/p>\n<p>P\u00e2n\u0103 la sf\u00e2r\u0219itul anului, caravana va ajunge \u0219i \u00een jude\u021bele Alba, Constan\u021ba \u0219i Tulcea. Aceste jude\u021be au fost selectate de c\u0103tre echipele regionale Motivation, pe baza vizitelor la domiciliul beneficiarilor, ca fiind dintre cele mai izolate \u0219i cu un num\u0103r mare de persoane cu dizabilit\u0103\u021bi fizice.<\/p>\n<p>Investi\u021bia Funda\u021biei Vodafone Romania in acest proiect desfasurat in anul 2014-2015 este de 38.000 de euro, iar valoarea proiectului se ridica la 60.200 de euro, diferenta fiind acoperita de Fundatia Motivation Romania.<\/p>\n<p>Funda\u0163ia Vodafone Rom\u00e2nia sus\u0163ine Funda\u0163ia Motivation Rom\u00e2nia de 13 ani pentru donarea de scaune rulante copiilor cu dizabilit\u0103\u0163i din \u00eentreaga \u0163ar\u0103 \u015fi pentru dezvoltarea oportunit\u0103\u0163ilor de terapie ocupa\u0163ional\u0103 pentru tineri cu dizabilit\u0103\u0163i severe dezinstitu\u0163ionaliza\u0163i \u00een casele de tip familial Motivation.<\/p>\n<p>***<\/p>\n<p><strong>Funda\u0163ia Vodafone Rom\u00e2nia<\/strong> este o organiza\u0163ie non-guvernamental\u0103 rom\u00e2neasc\u0103 cu statut caritabil, distinct\u0103 de opera\u0163iunile comerciale ale companiei, \u00eenfiin\u0163at\u0103 in 1998. \u00cen cei 16 ani de activitate, Funda\u0163ia Vodafone Rom\u00e2nia a finan\u0163at peste 768 de programe \u00een beneficiul copiilor, b\u0103tr\u00e2nilor, persoanelor defavorizate \u015fi tinerilor cu dizabilit\u0103\u0163i intelectuale sau locomotorii. P\u00e2n\u0103 \u00een prezent, Funda\u0163ia Vodafone a investit 17 milioane Euro \u00een proiecte desf\u0103\u015furate de organiza\u0163iile non profit partenere. Mai multe detalii despre programele Funda\u0163iei se reg\u0103sesc pe <a href=\"http:\/\/www.fundatia-vodafone.ro\/\">www.fundatia-vodafone.ro<\/a>, <a href=\"http:\/\/www.facebook.com\/fundatiavodafone\">www.facebook.com\/fundatiavodafone<\/a>, <a href=\"http:\/\/fundatiavodafone-blog.ro\/\">http:\/\/fundatiavodafone-blog.ro<\/a>.<\/p>\n<p>&nbsp;<\/p>\n<p><a href=\"https:\/\/www.facebook.com\/media\/set\/?set=a.725289460846459.1073741842.404109952964413&amp;type=3\">Mai multe fotografii<\/a><\/p>\n","protected":false},"excerpt":{"rendered":"<p>Caravana Mobilit\u0103\u021bii a ajuns la persoanele cu dizabilit\u0103\u021bi locomotorii din Bac\u0103u \u0219i Neam\u021b 25 de utilizatori de scaune rulante din localit\u0103\u021bi rurale ale jude\u021belor Bac\u0103u \u0219i Neam\u021b au primit scaune rulante, instruc\u021biuni pentru folosirea lor \u0219i recomand\u0103ri medicale &nbsp; Piatra Neam\u021b, 27 iunie 2014 \u2013 Caravana Mobilit\u0103\u021bii, primul atelier mobil de scaune rulante din tara,&#8230;<\/p>\n","protected":false},"author":1,"featured_media":0,"parent":103,"menu_order":0,"comment_status":"closed","ping_status":"closed","template":"","meta":{"footnotes":""},"class_list":["post-111","page","type-page","status-publish","hentry"],"yoast_head":"<!-- This site is optimized with the Yoast SEO plugin v27.1.1 - https:\/\/yoast.com\/product\/yoast-seo-wordpress\/ -->\n<title>The Mobility Caravan reached Neam\u021b and Bac\u0103u - Motivation Romania NGO<\/title>\n<meta name=\"robots\" content=\"index, follow, max-snippet:-1, max-image-preview:large, max-video-preview:-1\" \/>\n<link rel=\"canonical\" href=\"https:\/\/motivation.ro\/en\/programmes\/active-rehabilitation-independent-living\/the-mobility-caravan\/mobility-caravan-reached-neamt-bacau\/\" \/>\n<meta property=\"og:locale\" content=\"en_US\" \/>\n<meta property=\"og:type\" content=\"article\" \/>\n<meta property=\"og:title\" content=\"The Mobility Caravan reached Neam\u021b and Bac\u0103u - Motivation Romania NGO\" \/>\n<meta property=\"og:description\" content=\"Caravana Mobilit\u0103\u021bii a ajuns la persoanele cu dizabilit\u0103\u021bi locomotorii din Bac\u0103u \u0219i Neam\u021b 25 de utilizatori de scaune rulante din localit\u0103\u021bi rurale ale jude\u021belor Bac\u0103u \u0219i Neam\u021b au primit scaune rulante, instruc\u021biuni pentru folosirea lor \u0219i recomand\u0103ri medicale &nbsp; Piatra Neam\u021b, 27 iunie 2014 \u2013 Caravana Mobilit\u0103\u021bii, primul atelier mobil de scaune rulante din tara,...\" \/>\n<meta property=\"og:url\" content=\"https:\/\/motivation.ro\/en\/programmes\/active-rehabilitation-independent-living\/the-mobility-caravan\/mobility-caravan-reached-neamt-bacau\/\" \/>\n<meta property=\"og:site_name\" content=\"Motivation Romania NGO\" \/>\n<meta property=\"article:publisher\" content=\"https:\/\/www.facebook.com\/FundatiaMotivationRomania\" \/>\n<meta property=\"article:modified_time\" content=\"2016-02-23T13:03:50+00:00\" \/>\n<meta property=\"og:image\" content=\"http:\/\/www.motivation.ro\/en\/uploads\/images\/caravana_3.jpg\" \/>\n<meta name=\"twitter:card\" content=\"summary_large_image\" \/>\n<meta name=\"twitter:label1\" content=\"Est. reading time\" \/>\n\t<meta name=\"twitter:data1\" content=\"3 minutes\" \/>\n<script type=\"application\/ld+json\" class=\"yoast-schema-graph\">{\"@context\":\"https:\/\/schema.org\",\"@graph\":[{\"@type\":\"WebPage\",\"@id\":\"https:\/\/motivation.ro\/en\/programmes\/active-rehabilitation-independent-living\/the-mobility-caravan\/mobility-caravan-reached-neamt-bacau\/\",\"url\":\"https:\/\/motivation.ro\/en\/programmes\/active-rehabilitation-independent-living\/the-mobility-caravan\/mobility-caravan-reached-neamt-bacau\/\",\"name\":\"The Mobility Caravan reached Neam\u021b and Bac\u0103u - Motivation Romania NGO\",\"isPartOf\":{\"@id\":\"https:\/\/motivation.ro\/en\/#website\"},\"primaryImageOfPage\":{\"@id\":\"https:\/\/motivation.ro\/en\/programmes\/active-rehabilitation-independent-living\/the-mobility-caravan\/mobility-caravan-reached-neamt-bacau\/#primaryimage\"},\"image\":{\"@id\":\"https:\/\/motivation.ro\/en\/programmes\/active-rehabilitation-independent-living\/the-mobility-caravan\/mobility-caravan-reached-neamt-bacau\/#primaryimage\"},\"thumbnailUrl\":\"http:\/\/www.motivation.ro\/en\/uploads\/images\/caravana_3.jpg\",\"datePublished\":\"2015-12-09T10:22:59+00:00\",\"dateModified\":\"2016-02-23T13:03:50+00:00\",\"breadcrumb\":{\"@id\":\"https:\/\/motivation.ro\/en\/programmes\/active-rehabilitation-independent-living\/the-mobility-caravan\/mobility-caravan-reached-neamt-bacau\/#breadcrumb\"},\"inLanguage\":\"en-US\",\"potentialAction\":[{\"@type\":\"ReadAction\",\"target\":[\"https:\/\/motivation.ro\/en\/programmes\/active-rehabilitation-independent-living\/the-mobility-caravan\/mobility-caravan-reached-neamt-bacau\/\"]}]},{\"@type\":\"ImageObject\",\"inLanguage\":\"en-US\",\"@id\":\"https:\/\/motivation.ro\/en\/programmes\/active-rehabilitation-independent-living\/the-mobility-caravan\/mobility-caravan-reached-neamt-bacau\/#primaryimage\",\"url\":\"http:\/\/www.motivation.ro\/en\/uploads\/images\/caravana_3.jpg\",\"contentUrl\":\"http:\/\/www.motivation.ro\/en\/uploads\/images\/caravana_3.jpg\"},{\"@type\":\"BreadcrumbList\",\"@id\":\"https:\/\/motivation.ro\/en\/programmes\/active-rehabilitation-independent-living\/the-mobility-caravan\/mobility-caravan-reached-neamt-bacau\/#breadcrumb\",\"itemListElement\":[{\"@type\":\"ListItem\",\"position\":1,\"name\":\"Home\",\"item\":\"https:\/\/motivation.ro\/en\/\"},{\"@type\":\"ListItem\",\"position\":2,\"name\":\"Programmes\",\"item\":\"https:\/\/motivation.ro\/en\/programmes\/\"},{\"@type\":\"ListItem\",\"position\":3,\"name\":\"Active Rehabilitation and Independent Living Training\",\"item\":\"https:\/\/motivation.ro\/en\/programmes\/active-rehabilitation-independent-living\/\"},{\"@type\":\"ListItem\",\"position\":4,\"name\":\"The Mobility Caravan\",\"item\":\"https:\/\/motivation.ro\/en\/programmes\/active-rehabilitation-independent-living\/the-mobility-caravan\/\"},{\"@type\":\"ListItem\",\"position\":5,\"name\":\"The Mobility Caravan reached Neam\u021b and Bac\u0103u\"}]},{\"@type\":\"WebSite\",\"@id\":\"https:\/\/motivation.ro\/en\/#website\",\"url\":\"https:\/\/motivation.ro\/en\/\",\"name\":\"Motivation Romania NGO\",\"description\":\"FMR\",\"publisher\":{\"@id\":\"https:\/\/motivation.ro\/en\/#organization\"},\"potentialAction\":[{\"@type\":\"SearchAction\",\"target\":{\"@type\":\"EntryPoint\",\"urlTemplate\":\"https:\/\/motivation.ro\/en\/?s={search_term_string}\"},\"query-input\":{\"@type\":\"PropertyValueSpecification\",\"valueRequired\":true,\"valueName\":\"search_term_string\"}}],\"inLanguage\":\"en-US\"},{\"@type\":\"Organization\",\"@id\":\"https:\/\/motivation.ro\/en\/#organization\",\"name\":\"Fundatia Motivation Romania\",\"url\":\"https:\/\/motivation.ro\/en\/\",\"logo\":{\"@type\":\"ImageObject\",\"inLanguage\":\"en-US\",\"@id\":\"https:\/\/motivation.ro\/en\/#\/schema\/logo\/image\/\",\"url\":\"https:\/\/motivation.ro\/en\/wp-content\/uploads\/sites\/10\/2015\/12\/logo_mot_shadow.png\",\"contentUrl\":\"https:\/\/motivation.ro\/en\/wp-content\/uploads\/sites\/10\/2015\/12\/logo_mot_shadow.png\",\"width\":350,\"height\":84,\"caption\":\"Fundatia Motivation Romania\"},\"image\":{\"@id\":\"https:\/\/motivation.ro\/en\/#\/schema\/logo\/image\/\"},\"sameAs\":[\"https:\/\/www.facebook.com\/FundatiaMotivationRomania\"]}]}<\/script>\n<!-- \/ Yoast SEO plugin. -->","yoast_head_json":{"title":"The Mobility Caravan reached Neam\u021b and Bac\u0103u - Motivation Romania NGO","robots":{"index":"index","follow":"follow","max-snippet":"max-snippet:-1","max-image-preview":"max-image-preview:large","max-video-preview":"max-video-preview:-1"},"canonical":"https:\/\/motivation.ro\/en\/programmes\/active-rehabilitation-independent-living\/the-mobility-caravan\/mobility-caravan-reached-neamt-bacau\/","og_locale":"en_US","og_type":"article","og_title":"The Mobility Caravan reached Neam\u021b and Bac\u0103u - Motivation Romania NGO","og_description":"Caravana Mobilit\u0103\u021bii a ajuns la persoanele cu dizabilit\u0103\u021bi locomotorii din Bac\u0103u \u0219i Neam\u021b 25 de utilizatori de scaune rulante din localit\u0103\u021bi rurale ale jude\u021belor Bac\u0103u \u0219i Neam\u021b au primit scaune rulante, instruc\u021biuni pentru folosirea lor \u0219i recomand\u0103ri medicale &nbsp; Piatra Neam\u021b, 27 iunie 2014 \u2013 Caravana Mobilit\u0103\u021bii, primul atelier mobil de scaune rulante din tara,...","og_url":"https:\/\/motivation.ro\/en\/programmes\/active-rehabilitation-independent-living\/the-mobility-caravan\/mobility-caravan-reached-neamt-bacau\/","og_site_name":"Motivation Romania NGO","article_publisher":"https:\/\/www.facebook.com\/FundatiaMotivationRomania","article_modified_time":"2016-02-23T13:03:50+00:00","og_image":[{"url":"http:\/\/www.motivation.ro\/en\/uploads\/images\/caravana_3.jpg","type":"","width":"","height":""}],"twitter_card":"summary_large_image","twitter_misc":{"Est. reading time":"3 minutes"},"schema":{"@context":"https:\/\/schema.org","@graph":[{"@type":"WebPage","@id":"https:\/\/motivation.ro\/en\/programmes\/active-rehabilitation-independent-living\/the-mobility-caravan\/mobility-caravan-reached-neamt-bacau\/","url":"https:\/\/motivation.ro\/en\/programmes\/active-rehabilitation-independent-living\/the-mobility-caravan\/mobility-caravan-reached-neamt-bacau\/","name":"The Mobility Caravan reached Neam\u021b and Bac\u0103u - Motivation Romania NGO","isPartOf":{"@id":"https:\/\/motivation.ro\/en\/#website"},"primaryImageOfPage":{"@id":"https:\/\/motivation.ro\/en\/programmes\/active-rehabilitation-independent-living\/the-mobility-caravan\/mobility-caravan-reached-neamt-bacau\/#primaryimage"},"image":{"@id":"https:\/\/motivation.ro\/en\/programmes\/active-rehabilitation-independent-living\/the-mobility-caravan\/mobility-caravan-reached-neamt-bacau\/#primaryimage"},"thumbnailUrl":"http:\/\/www.motivation.ro\/en\/uploads\/images\/caravana_3.jpg","datePublished":"2015-12-09T10:22:59+00:00","dateModified":"2016-02-23T13:03:50+00:00","breadcrumb":{"@id":"https:\/\/motivation.ro\/en\/programmes\/active-rehabilitation-independent-living\/the-mobility-caravan\/mobility-caravan-reached-neamt-bacau\/#breadcrumb"},"inLanguage":"en-US","potentialAction":[{"@type":"ReadAction","target":["https:\/\/motivation.ro\/en\/programmes\/active-rehabilitation-independent-living\/the-mobility-caravan\/mobility-caravan-reached-neamt-bacau\/"]}]},{"@type":"ImageObject","inLanguage":"en-US","@id":"https:\/\/motivation.ro\/en\/programmes\/active-rehabilitation-independent-living\/the-mobility-caravan\/mobility-caravan-reached-neamt-bacau\/#primaryimage","url":"http:\/\/www.motivation.ro\/en\/uploads\/images\/caravana_3.jpg","contentUrl":"http:\/\/www.motivation.ro\/en\/uploads\/images\/caravana_3.jpg"},{"@type":"BreadcrumbList","@id":"https:\/\/motivation.ro\/en\/programmes\/active-rehabilitation-independent-living\/the-mobility-caravan\/mobility-caravan-reached-neamt-bacau\/#breadcrumb","itemListElement":[{"@type":"ListItem","position":1,"name":"Home","item":"https:\/\/motivation.ro\/en\/"},{"@type":"ListItem","position":2,"name":"Programmes","item":"https:\/\/motivation.ro\/en\/programmes\/"},{"@type":"ListItem","position":3,"name":"Active Rehabilitation and Independent Living Training","item":"https:\/\/motivation.ro\/en\/programmes\/active-rehabilitation-independent-living\/"},{"@type":"ListItem","position":4,"name":"The Mobility Caravan","item":"https:\/\/motivation.ro\/en\/programmes\/active-rehabilitation-independent-living\/the-mobility-caravan\/"},{"@type":"ListItem","position":5,"name":"The Mobility Caravan reached Neam\u021b and Bac\u0103u"}]},{"@type":"WebSite","@id":"https:\/\/motivation.ro\/en\/#website","url":"https:\/\/motivation.ro\/en\/","name":"Motivation Romania NGO","description":"FMR","publisher":{"@id":"https:\/\/motivation.ro\/en\/#organization"},"potentialAction":[{"@type":"SearchAction","target":{"@type":"EntryPoint","urlTemplate":"https:\/\/motivation.ro\/en\/?s={search_term_string}"},"query-input":{"@type":"PropertyValueSpecification","valueRequired":true,"valueName":"search_term_string"}}],"inLanguage":"en-US"},{"@type":"Organization","@id":"https:\/\/motivation.ro\/en\/#organization","name":"Fundatia Motivation Romania","url":"https:\/\/motivation.ro\/en\/","logo":{"@type":"ImageObject","inLanguage":"en-US","@id":"https:\/\/motivation.ro\/en\/#\/schema\/logo\/image\/","url":"https:\/\/motivation.ro\/en\/wp-content\/uploads\/sites\/10\/2015\/12\/logo_mot_shadow.png","contentUrl":"https:\/\/motivation.ro\/en\/wp-content\/uploads\/sites\/10\/2015\/12\/logo_mot_shadow.png","width":350,"height":84,"caption":"Fundatia Motivation Romania"},"image":{"@id":"https:\/\/motivation.ro\/en\/#\/schema\/logo\/image\/"},"sameAs":["https:\/\/www.facebook.com\/FundatiaMotivationRomania"]}]}},"_links":{"self":[{"href":"https:\/\/motivation.ro\/en\/wp-json\/wp\/v2\/pages\/111","targetHints":{"allow":["GET"]}}],"collection":[{"href":"https:\/\/motivation.ro\/en\/wp-json\/wp\/v2\/pages"}],"about":[{"href":"https:\/\/motivation.ro\/en\/wp-json\/wp\/v2\/types\/page"}],"author":[{"embeddable":true,"href":"https:\/\/motivation.ro\/en\/wp-json\/wp\/v2\/users\/1"}],"replies":[{"embeddable":true,"href":"https:\/\/motivation.ro\/en\/wp-json\/wp\/v2\/comments?post=111"}],"version-history":[{"count":3,"href":"https:\/\/motivation.ro\/en\/wp-json\/wp\/v2\/pages\/111\/revisions"}],"predecessor-version":[{"id":2404,"href":"https:\/\/motivation.ro\/en\/wp-json\/wp\/v2\/pages\/111\/revisions\/2404"}],"up":[{"embeddable":true,"href":"https:\/\/motivation.ro\/en\/wp-json\/wp\/v2\/pages\/103"}],"wp:attachment":[{"href":"https:\/\/motivation.ro\/en\/wp-json\/wp\/v2\/media?parent=111"}],"curies":[{"name":"wp","href":"https:\/\/api.w.org\/{rel}","templated":true}]}}