{"id":113,"date":"2015-12-09T12:24:08","date_gmt":"2015-12-09T10:24:08","guid":{"rendered":"http:\/\/motivation.ro\/en\/?page_id=113"},"modified":"2016-02-23T15:03:34","modified_gmt":"2016-02-23T13:03:34","slug":"mobility-caravan-reached-tulcea","status":"publish","type":"page","link":"https:\/\/motivation.ro\/en\/programmes\/active-rehabilitation-independent-living\/the-mobility-caravan\/mobility-caravan-reached-tulcea\/","title":{"rendered":"The Mobility Caravan reached Tulcea"},"content":{"rendered":"<style type=\"text\/css\"><\/style><h2><\/h2>\n<p><strong><em>Caravana Mobilit\u0103\u021bii s-a oprit la persoanele cu dizabilit\u0103\u021bi locomotorii din Tulcea<\/em><\/strong><\/p>\n<ul>\n<li><strong><em>22 de utilizatori de scaune rulante din localit\u0103\u021bi rurale ale jude\u021bului Tulcea au primit scaune rulante, instruc\u021biuni pentru folosirea lor \u0219i recomand\u0103ri medicale<\/em><\/strong><\/li>\n<\/ul>\n<p>&nbsp;<\/p>\n<p><strong>Tulcea, 16 iulie 2014<\/strong> \u2013 Caravana Mobilit\u0103\u021bii, primul atelier mobil de scaune rulante din \u021bar\u0103, s-a oprit s\u0103pt\u0103m\u00e2na aceasta \u00een localitatea Jijila din jude\u021bul Tulcea. Proiectul este derulat de Funda\u021bia Motivation Rom\u00e2nia cu sprijin financiar de la Funda\u021bia Vodafone Rom\u00e2nia. \u00a022 de persoane care utilizeaz\u0103 scaune rulante au beneficiat de echipamente de mobilitate noi sau de repara\u021bii si adapt\u0103ri ale celor vechi, astfel \u00eenc\u00e2t s\u0103 corespund\u0103 nevoilor pe care le au. Persoanele cu dizabilit\u0103\u021bi, adul\u021bi \u0219i copii, au primit, de asemenea informa\u021bii pentru utilizarea lor \u0219i au fost instruite cu privire la dob\u00e2ndirea unui stil de via\u021b\u0103 independent de echipa multidisciplinar\u0103 care a \u00eenso\u021bit Caravana.<\/p>\n<p>Deplasarea \u00een Tulcea a fost al doilea eveniment al Caravanei Mobilit\u0103\u021bii de la \u00eenceputul proiectului \u0219i a avut loc \u00een perioada 14-16 iulie. 22 de persoane cu dizabilit\u0103\u021bi locomotorii din localit\u0103\u021bile Jijila, I.C. Br\u0103tianu, Luncavi\u021ba, Carcaliu \u0219i Isaccea au primit informa\u021biile \u0219i serviciile necesare pentru a duce o via\u021b\u0103 mai independent\u0103. Beneficiarii, adul\u021bi \u0219i copii, au fost identifica\u021bi de echipele noastre \u00een timpul vizitelor pe teren. Fiecare dintre ei a lucrat cu echipa noastr\u0103 de speciali\u0219ti, format\u0103 din kinetoterapeut, asistent medical, instructor de via\u021b\u0103 independent\u0103 \u2013 utilizator de scaun rulant \u0219i specialist \u00een adapt\u0103ri \u0219i repara\u021bii ale scaunelor rulante.<\/p>\n<p><em>\u201dPlec\u0103m de aici convin\u0219i c\u0103 oamenii pe care i-am \u00eent\u00e2lnit au via\u021ba mai bun\u0103 datorit\u0103 nou\u0103. \u00cen timpul vizitelor pe teren am v\u0103zut tot felul de scaune rulante, nepotrivite pentru utilizatorii lor. Din lipsa de informa\u021bie \u0219i de instruire, oamenii au improvizat \u00een \u00eencerc\u0103rile lor de a-\u0219i adapta sau crea echipamente de mobilitate \u0219i de cele mai multe ori aceste improviza\u021bii le fac mai mult r\u0103u dec\u00e2t bine; le <\/em><em>creeaz\u0103 probleme noi de s\u0103n\u0103tate, deform\u0103ri posturale \u0219i alte complica\u021bii care scad \u0219ansele unui stil de via\u021b\u0103 independent \u0219i, implicit, le afecteaz\u0103 participarea la via\u021ba social\u0103.\u201d <\/em>George Ivanof, Instructor de via\u021b\u0103 independent\u0103, Motivation Gala\u021bi<\/p>\n<p><img fetchpriority=\"high\" decoding=\"async\" src=\"http:\/\/www.motivation.ro\/en\/uploads\/images\/Stiri%20si%20evenimente\/instruire_manevrare_scaun_rulant_rampe.JPG\" alt=\"\" width=\"350\" height=\"233\" \/><img decoding=\"async\" class=\"alignright\" src=\"http:\/\/www.motivation.ro\/en\/uploads\/images\/Stiri%20si%20evenimente\/dl_ion_82deani_exercitii_echilibru_scaun_rulant.JPG\" alt=\"\" width=\"350\" height=\"233\" \/><\/p>\n<p>Prima deplasare a Caravanei a avut loc \u00een perioada 24-27 iunie, \u00een jude\u021bele Neam\u021b \u0219i Bacu, iar p\u00e2n\u0103 la sf\u00e2r\u0219itul anului, caravana va ajunge \u0219i \u00een jude\u021bele Alba \u0219i Constan\u021ba. Aceste jude\u021be au fost selectate de c\u0103tre echipele regionale Motivation, pe baza vizitelor la domiciliul beneficiarilor, ca fiind dintre cele mai izolate \u0219i cu un num\u0103r mare de persoane cu dizabilit\u0103\u021bi fizice.<\/p>\n<p>Investi\u021bia Funda\u021biei Vodafone Romania \u00een acest proiect desf\u0103\u0219urat \u00een anul 2014-2015 este de 38.000 de euro, iar valoarea proiectului se ridic\u0103 la 60.200 de euro, diferen\u021ba fiind acoperit\u0103 de Funda\u021bia Motivation Rom\u00e2nia.<\/p>\n<p>Funda\u0163ia Vodafone Rom\u00e2nia sus\u0163ine Funda\u0163ia Motivation Rom\u00e2nia de 13 ani pentru donarea de scaune rulante copiilor cu dizabilit\u0103\u0163i din \u00eentreaga \u0163ar\u0103 \u015fi pentru dezvoltarea oportunit\u0103\u0163ilor de terapie ocupa\u0163ional\u0103 pentru tineri cu dizabilit\u0103\u0163i severe dezinstitu\u0163ionaliza\u0163i \u00een casele de tip familial Motivation.<\/p>\n<p>***<\/p>\n<p><strong>Funda\u0163ia Vodafone Rom\u00e2nia<\/strong> este o organiza\u0163ie non-guvernamental\u0103 rom\u00e2neasc\u0103 cu statut caritabil, distinct\u0103 de opera\u0163iunile comerciale ale companiei, \u00eenfiin\u0163at\u0103 in 1998. \u00cen cei 16 ani de activitate, Funda\u0163ia Vodafone Rom\u00e2nia a finan\u0163at peste 768 de programe \u00een beneficiul copiilor, b\u0103tr\u00e2nilor, persoanelor defavorizate \u015fi tinerilor cu dizabilit\u0103\u0163i intelectuale sau locomotorii. P\u00e2n\u0103 \u00een prezent, Funda\u0163ia Vodafone a investit 17 milioane Euro \u00een proiecte desf\u0103\u015furate de organiza\u0163iile non profit partenere. Mai multe detalii despre programele Funda\u0163iei se reg\u0103sesc pe <a href=\"http:\/\/www.fundatia-vodafone.ro\/\">www.fundatia-vodafone.ro<\/a>, <a href=\"http:\/\/www.facebook.com\/fundatiavodafone\">www.facebook.com\/fundatiavodafone<\/a>, <a href=\"http:\/\/fundatiavodafone-blog.ro\/\">http:\/\/fundatiavodafone-blog.ro<\/a>.<\/p>\n","protected":false},"excerpt":{"rendered":"<p>Caravana Mobilit\u0103\u021bii s-a oprit la persoanele cu dizabilit\u0103\u021bi locomotorii din Tulcea 22 de utilizatori de scaune rulante din localit\u0103\u021bi rurale ale jude\u021bului Tulcea au primit scaune rulante, instruc\u021biuni pentru folosirea lor \u0219i recomand\u0103ri medicale &nbsp; Tulcea, 16 iulie 2014 \u2013 Caravana Mobilit\u0103\u021bii, primul atelier mobil de scaune rulante din \u021bar\u0103, s-a oprit s\u0103pt\u0103m\u00e2na aceasta \u00een&#8230;<\/p>\n","protected":false},"author":1,"featured_media":0,"parent":103,"menu_order":0,"comment_status":"closed","ping_status":"closed","template":"","meta":{"footnotes":""},"class_list":["post-113","page","type-page","status-publish","hentry"],"yoast_head":"<!-- This site is optimized with the Yoast SEO plugin v27.1.1 - https:\/\/yoast.com\/product\/yoast-seo-wordpress\/ -->\n<title>The Mobility Caravan reached Tulcea - Motivation Romania NGO<\/title>\n<meta name=\"robots\" content=\"index, follow, max-snippet:-1, max-image-preview:large, max-video-preview:-1\" \/>\n<link rel=\"canonical\" href=\"https:\/\/motivation.ro\/en\/programmes\/active-rehabilitation-independent-living\/the-mobility-caravan\/mobility-caravan-reached-tulcea\/\" \/>\n<meta property=\"og:locale\" content=\"en_US\" \/>\n<meta property=\"og:type\" content=\"article\" \/>\n<meta property=\"og:title\" content=\"The Mobility Caravan reached Tulcea - Motivation Romania NGO\" \/>\n<meta property=\"og:description\" content=\"Caravana Mobilit\u0103\u021bii s-a oprit la persoanele cu dizabilit\u0103\u021bi locomotorii din Tulcea 22 de utilizatori de scaune rulante din localit\u0103\u021bi rurale ale jude\u021bului Tulcea au primit scaune rulante, instruc\u021biuni pentru folosirea lor \u0219i recomand\u0103ri medicale &nbsp; Tulcea, 16 iulie 2014 \u2013 Caravana Mobilit\u0103\u021bii, primul atelier mobil de scaune rulante din \u021bar\u0103, s-a oprit s\u0103pt\u0103m\u00e2na aceasta \u00een...\" \/>\n<meta property=\"og:url\" content=\"https:\/\/motivation.ro\/en\/programmes\/active-rehabilitation-independent-living\/the-mobility-caravan\/mobility-caravan-reached-tulcea\/\" \/>\n<meta property=\"og:site_name\" content=\"Motivation Romania NGO\" \/>\n<meta property=\"article:publisher\" content=\"https:\/\/www.facebook.com\/FundatiaMotivationRomania\" \/>\n<meta property=\"article:modified_time\" content=\"2016-02-23T13:03:34+00:00\" \/>\n<meta property=\"og:image\" content=\"http:\/\/www.motivation.ro\/en\/uploads\/images\/Stiri%20si%20evenimente\/instruire_manevrare_scaun_rulant_rampe.JPG\" \/>\n<meta name=\"twitter:card\" content=\"summary_large_image\" \/>\n<meta name=\"twitter:label1\" content=\"Est. reading time\" \/>\n\t<meta name=\"twitter:data1\" content=\"3 minutes\" \/>\n<script type=\"application\/ld+json\" class=\"yoast-schema-graph\">{\"@context\":\"https:\/\/schema.org\",\"@graph\":[{\"@type\":\"WebPage\",\"@id\":\"https:\/\/motivation.ro\/en\/programmes\/active-rehabilitation-independent-living\/the-mobility-caravan\/mobility-caravan-reached-tulcea\/\",\"url\":\"https:\/\/motivation.ro\/en\/programmes\/active-rehabilitation-independent-living\/the-mobility-caravan\/mobility-caravan-reached-tulcea\/\",\"name\":\"The Mobility Caravan reached Tulcea - Motivation Romania NGO\",\"isPartOf\":{\"@id\":\"https:\/\/motivation.ro\/en\/#website\"},\"primaryImageOfPage\":{\"@id\":\"https:\/\/motivation.ro\/en\/programmes\/active-rehabilitation-independent-living\/the-mobility-caravan\/mobility-caravan-reached-tulcea\/#primaryimage\"},\"image\":{\"@id\":\"https:\/\/motivation.ro\/en\/programmes\/active-rehabilitation-independent-living\/the-mobility-caravan\/mobility-caravan-reached-tulcea\/#primaryimage\"},\"thumbnailUrl\":\"http:\/\/www.motivation.ro\/en\/uploads\/images\/Stiri%20si%20evenimente\/instruire_manevrare_scaun_rulant_rampe.JPG\",\"datePublished\":\"2015-12-09T10:24:08+00:00\",\"dateModified\":\"2016-02-23T13:03:34+00:00\",\"breadcrumb\":{\"@id\":\"https:\/\/motivation.ro\/en\/programmes\/active-rehabilitation-independent-living\/the-mobility-caravan\/mobility-caravan-reached-tulcea\/#breadcrumb\"},\"inLanguage\":\"en-US\",\"potentialAction\":[{\"@type\":\"ReadAction\",\"target\":[\"https:\/\/motivation.ro\/en\/programmes\/active-rehabilitation-independent-living\/the-mobility-caravan\/mobility-caravan-reached-tulcea\/\"]}]},{\"@type\":\"ImageObject\",\"inLanguage\":\"en-US\",\"@id\":\"https:\/\/motivation.ro\/en\/programmes\/active-rehabilitation-independent-living\/the-mobility-caravan\/mobility-caravan-reached-tulcea\/#primaryimage\",\"url\":\"http:\/\/www.motivation.ro\/en\/uploads\/images\/Stiri%20si%20evenimente\/instruire_manevrare_scaun_rulant_rampe.JPG\",\"contentUrl\":\"http:\/\/www.motivation.ro\/en\/uploads\/images\/Stiri%20si%20evenimente\/instruire_manevrare_scaun_rulant_rampe.JPG\"},{\"@type\":\"BreadcrumbList\",\"@id\":\"https:\/\/motivation.ro\/en\/programmes\/active-rehabilitation-independent-living\/the-mobility-caravan\/mobility-caravan-reached-tulcea\/#breadcrumb\",\"itemListElement\":[{\"@type\":\"ListItem\",\"position\":1,\"name\":\"Home\",\"item\":\"https:\/\/motivation.ro\/en\/\"},{\"@type\":\"ListItem\",\"position\":2,\"name\":\"Programmes\",\"item\":\"https:\/\/motivation.ro\/en\/programmes\/\"},{\"@type\":\"ListItem\",\"position\":3,\"name\":\"Active Rehabilitation and Independent Living Training\",\"item\":\"https:\/\/motivation.ro\/en\/programmes\/active-rehabilitation-independent-living\/\"},{\"@type\":\"ListItem\",\"position\":4,\"name\":\"The Mobility Caravan\",\"item\":\"https:\/\/motivation.ro\/en\/programmes\/active-rehabilitation-independent-living\/the-mobility-caravan\/\"},{\"@type\":\"ListItem\",\"position\":5,\"name\":\"The Mobility Caravan reached Tulcea\"}]},{\"@type\":\"WebSite\",\"@id\":\"https:\/\/motivation.ro\/en\/#website\",\"url\":\"https:\/\/motivation.ro\/en\/\",\"name\":\"Motivation Romania NGO\",\"description\":\"FMR\",\"publisher\":{\"@id\":\"https:\/\/motivation.ro\/en\/#organization\"},\"potentialAction\":[{\"@type\":\"SearchAction\",\"target\":{\"@type\":\"EntryPoint\",\"urlTemplate\":\"https:\/\/motivation.ro\/en\/?s={search_term_string}\"},\"query-input\":{\"@type\":\"PropertyValueSpecification\",\"valueRequired\":true,\"valueName\":\"search_term_string\"}}],\"inLanguage\":\"en-US\"},{\"@type\":\"Organization\",\"@id\":\"https:\/\/motivation.ro\/en\/#organization\",\"name\":\"Fundatia Motivation Romania\",\"url\":\"https:\/\/motivation.ro\/en\/\",\"logo\":{\"@type\":\"ImageObject\",\"inLanguage\":\"en-US\",\"@id\":\"https:\/\/motivation.ro\/en\/#\/schema\/logo\/image\/\",\"url\":\"https:\/\/motivation.ro\/en\/wp-content\/uploads\/sites\/10\/2015\/12\/logo_mot_shadow.png\",\"contentUrl\":\"https:\/\/motivation.ro\/en\/wp-content\/uploads\/sites\/10\/2015\/12\/logo_mot_shadow.png\",\"width\":350,\"height\":84,\"caption\":\"Fundatia Motivation Romania\"},\"image\":{\"@id\":\"https:\/\/motivation.ro\/en\/#\/schema\/logo\/image\/\"},\"sameAs\":[\"https:\/\/www.facebook.com\/FundatiaMotivationRomania\"]}]}<\/script>\n<!-- \/ Yoast SEO plugin. -->","yoast_head_json":{"title":"The Mobility Caravan reached Tulcea - Motivation Romania NGO","robots":{"index":"index","follow":"follow","max-snippet":"max-snippet:-1","max-image-preview":"max-image-preview:large","max-video-preview":"max-video-preview:-1"},"canonical":"https:\/\/motivation.ro\/en\/programmes\/active-rehabilitation-independent-living\/the-mobility-caravan\/mobility-caravan-reached-tulcea\/","og_locale":"en_US","og_type":"article","og_title":"The Mobility Caravan reached Tulcea - Motivation Romania NGO","og_description":"Caravana Mobilit\u0103\u021bii s-a oprit la persoanele cu dizabilit\u0103\u021bi locomotorii din Tulcea 22 de utilizatori de scaune rulante din localit\u0103\u021bi rurale ale jude\u021bului Tulcea au primit scaune rulante, instruc\u021biuni pentru folosirea lor \u0219i recomand\u0103ri medicale &nbsp; Tulcea, 16 iulie 2014 \u2013 Caravana Mobilit\u0103\u021bii, primul atelier mobil de scaune rulante din \u021bar\u0103, s-a oprit s\u0103pt\u0103m\u00e2na aceasta \u00een...","og_url":"https:\/\/motivation.ro\/en\/programmes\/active-rehabilitation-independent-living\/the-mobility-caravan\/mobility-caravan-reached-tulcea\/","og_site_name":"Motivation Romania NGO","article_publisher":"https:\/\/www.facebook.com\/FundatiaMotivationRomania","article_modified_time":"2016-02-23T13:03:34+00:00","og_image":[{"url":"http:\/\/www.motivation.ro\/en\/uploads\/images\/Stiri%20si%20evenimente\/instruire_manevrare_scaun_rulant_rampe.JPG","type":"","width":"","height":""}],"twitter_card":"summary_large_image","twitter_misc":{"Est. reading time":"3 minutes"},"schema":{"@context":"https:\/\/schema.org","@graph":[{"@type":"WebPage","@id":"https:\/\/motivation.ro\/en\/programmes\/active-rehabilitation-independent-living\/the-mobility-caravan\/mobility-caravan-reached-tulcea\/","url":"https:\/\/motivation.ro\/en\/programmes\/active-rehabilitation-independent-living\/the-mobility-caravan\/mobility-caravan-reached-tulcea\/","name":"The Mobility Caravan reached Tulcea - Motivation Romania NGO","isPartOf":{"@id":"https:\/\/motivation.ro\/en\/#website"},"primaryImageOfPage":{"@id":"https:\/\/motivation.ro\/en\/programmes\/active-rehabilitation-independent-living\/the-mobility-caravan\/mobility-caravan-reached-tulcea\/#primaryimage"},"image":{"@id":"https:\/\/motivation.ro\/en\/programmes\/active-rehabilitation-independent-living\/the-mobility-caravan\/mobility-caravan-reached-tulcea\/#primaryimage"},"thumbnailUrl":"http:\/\/www.motivation.ro\/en\/uploads\/images\/Stiri%20si%20evenimente\/instruire_manevrare_scaun_rulant_rampe.JPG","datePublished":"2015-12-09T10:24:08+00:00","dateModified":"2016-02-23T13:03:34+00:00","breadcrumb":{"@id":"https:\/\/motivation.ro\/en\/programmes\/active-rehabilitation-independent-living\/the-mobility-caravan\/mobility-caravan-reached-tulcea\/#breadcrumb"},"inLanguage":"en-US","potentialAction":[{"@type":"ReadAction","target":["https:\/\/motivation.ro\/en\/programmes\/active-rehabilitation-independent-living\/the-mobility-caravan\/mobility-caravan-reached-tulcea\/"]}]},{"@type":"ImageObject","inLanguage":"en-US","@id":"https:\/\/motivation.ro\/en\/programmes\/active-rehabilitation-independent-living\/the-mobility-caravan\/mobility-caravan-reached-tulcea\/#primaryimage","url":"http:\/\/www.motivation.ro\/en\/uploads\/images\/Stiri%20si%20evenimente\/instruire_manevrare_scaun_rulant_rampe.JPG","contentUrl":"http:\/\/www.motivation.ro\/en\/uploads\/images\/Stiri%20si%20evenimente\/instruire_manevrare_scaun_rulant_rampe.JPG"},{"@type":"BreadcrumbList","@id":"https:\/\/motivation.ro\/en\/programmes\/active-rehabilitation-independent-living\/the-mobility-caravan\/mobility-caravan-reached-tulcea\/#breadcrumb","itemListElement":[{"@type":"ListItem","position":1,"name":"Home","item":"https:\/\/motivation.ro\/en\/"},{"@type":"ListItem","position":2,"name":"Programmes","item":"https:\/\/motivation.ro\/en\/programmes\/"},{"@type":"ListItem","position":3,"name":"Active Rehabilitation and Independent Living Training","item":"https:\/\/motivation.ro\/en\/programmes\/active-rehabilitation-independent-living\/"},{"@type":"ListItem","position":4,"name":"The Mobility Caravan","item":"https:\/\/motivation.ro\/en\/programmes\/active-rehabilitation-independent-living\/the-mobility-caravan\/"},{"@type":"ListItem","position":5,"name":"The Mobility Caravan reached Tulcea"}]},{"@type":"WebSite","@id":"https:\/\/motivation.ro\/en\/#website","url":"https:\/\/motivation.ro\/en\/","name":"Motivation Romania NGO","description":"FMR","publisher":{"@id":"https:\/\/motivation.ro\/en\/#organization"},"potentialAction":[{"@type":"SearchAction","target":{"@type":"EntryPoint","urlTemplate":"https:\/\/motivation.ro\/en\/?s={search_term_string}"},"query-input":{"@type":"PropertyValueSpecification","valueRequired":true,"valueName":"search_term_string"}}],"inLanguage":"en-US"},{"@type":"Organization","@id":"https:\/\/motivation.ro\/en\/#organization","name":"Fundatia Motivation Romania","url":"https:\/\/motivation.ro\/en\/","logo":{"@type":"ImageObject","inLanguage":"en-US","@id":"https:\/\/motivation.ro\/en\/#\/schema\/logo\/image\/","url":"https:\/\/motivation.ro\/en\/wp-content\/uploads\/sites\/10\/2015\/12\/logo_mot_shadow.png","contentUrl":"https:\/\/motivation.ro\/en\/wp-content\/uploads\/sites\/10\/2015\/12\/logo_mot_shadow.png","width":350,"height":84,"caption":"Fundatia Motivation Romania"},"image":{"@id":"https:\/\/motivation.ro\/en\/#\/schema\/logo\/image\/"},"sameAs":["https:\/\/www.facebook.com\/FundatiaMotivationRomania"]}]}},"_links":{"self":[{"href":"https:\/\/motivation.ro\/en\/wp-json\/wp\/v2\/pages\/113","targetHints":{"allow":["GET"]}}],"collection":[{"href":"https:\/\/motivation.ro\/en\/wp-json\/wp\/v2\/pages"}],"about":[{"href":"https:\/\/motivation.ro\/en\/wp-json\/wp\/v2\/types\/page"}],"author":[{"embeddable":true,"href":"https:\/\/motivation.ro\/en\/wp-json\/wp\/v2\/users\/1"}],"replies":[{"embeddable":true,"href":"https:\/\/motivation.ro\/en\/wp-json\/wp\/v2\/comments?post=113"}],"version-history":[{"count":3,"href":"https:\/\/motivation.ro\/en\/wp-json\/wp\/v2\/pages\/113\/revisions"}],"predecessor-version":[{"id":2403,"href":"https:\/\/motivation.ro\/en\/wp-json\/wp\/v2\/pages\/113\/revisions\/2403"}],"up":[{"embeddable":true,"href":"https:\/\/motivation.ro\/en\/wp-json\/wp\/v2\/pages\/103"}],"wp:attachment":[{"href":"https:\/\/motivation.ro\/en\/wp-json\/wp\/v2\/media?parent=113"}],"curies":[{"name":"wp","href":"https:\/\/api.w.org\/{rel}","templated":true}]}}