{"id":117,"date":"2015-12-09T12:26:10","date_gmt":"2015-12-09T10:26:10","guid":{"rendered":"http:\/\/motivation.ro\/en\/?page_id=117"},"modified":"2016-02-23T15:03:10","modified_gmt":"2016-02-23T13:03:10","slug":"mobility-caravan-reached-constanta","status":"publish","type":"page","link":"https:\/\/motivation.ro\/en\/programmes\/active-rehabilitation-independent-living\/the-mobility-caravan\/mobility-caravan-reached-constanta\/","title":{"rendered":"The Mobility Caravan reached Constan\u021ba"},"content":{"rendered":"<style type=\"text\/css\"><\/style><h2><\/h2>\n<p><strong><em>Caravana Mobilit\u0103\u021bii s-a oprit la persoanele cu dizabilit\u0103\u021bi locomotorii din Constan\u021ba<\/em><\/strong><\/p>\n<ul>\n<li><strong><em>33 de utilizatori de scaune rulante din localit\u0103\u021bi rurale ale jude\u021bului Constan\u021ba au primit scaune rulante, instruc\u021biuni pentru folosirea lor \u0219i recomand\u0103ri medicale<\/em><\/strong><\/li>\n<\/ul>\n<p>&nbsp;<\/p>\n<p><strong>Constan\u021ba, 22 septembrie <\/strong>\u2013 Caravana Mobilit\u0103\u021bii, primul atelier mobil de scaune rulante din \u021bar\u0103, s-a oprit s\u0103pt\u0103m\u00e2na trecut\u0103 \u00een localit\u0103\u021bile Chirnogeni, Cump\u0103na \u0219i Tuzla din jude\u021bul Constan\u021ba. Proiectul este derulat de Funda\u021bia Motivation Rom\u00e2nia cu sprijin financiar de la Funda\u021bia Vodafone Rom\u00e2nia. 33 de persoane cu dizabilit\u0103\u021bi locomotorii au beneficiat de echipamente de mobilitate noi sau de repara\u021bii \u0219i adapt\u0103ri ale celor vechi, astfel \u00eenc\u00e2t s\u0103 corespund\u0103 nevoilor pe care le au. Persoanele cu dizabilit\u0103\u021bi au primit, de asemenea informa\u021bii pentru utilizarea lor \u0219i au fost instruite cu privire la dob\u00e2ndirea unui stil de via\u021b\u0103 independent de echipa multidisciplinar\u0103 care a \u00eenso\u021bit Caravana.<\/p>\n<p>Deplasarea \u00een Constan\u021ba a fost al patrulea eveniment al Caravanei Mobilit\u0103\u021bii de la \u00eenceputul proiectului \u0219i a avut loc \u00een perioada 16-18 septembrie. Pe parcursul celor 3 zile, 33 de persoane\u00a0 cu dizabilitati locomotorii din localit\u0103\u021bile rurale ale jude\u021bului au primit informa\u021biile \u0219i serviciile necesare pentru a dob\u00e2ndi un stil de via\u021b\u0103 independent. Beneficiarii, adul\u021bi \u0219i copii, au fost identifica\u021bi de echipele noastre \u00een timpul vizitelor pe teren, cu sprijinul reprezentan\u021bilor prim\u0103riilor din Chirnogeni, Cump\u0103na, Cobadin, Comana \u0219i Tuzla.<\/p>\n<p>Fiecare dintre cei 21 de utilizatori de scaune rulante care au vizitat Caravana a lucrat cu echipa noastr\u0103 de speciali\u0219ti, format\u0103 din kinetoterapeut, asistent medical, instructor de via\u021b\u0103 independent\u0103 \u2013 utilizator de scaun rulant \u0219i specialist \u00een adapt\u0103ri \u0219i repara\u021bii ale scaunelor rulante. Alte 12 persoane cu dizabilt\u0103\u021bi din Cump\u0103na \u0219i Tuzla au fost vizitate pe 17 septembrie de echipa noastr\u0103 mobil\u0103, care le-a oferit echipamentele necesare \u0219i instruire pentru utilizarea lor.<\/p>\n<p><em>\u201dAm \u00eent\u00e2lnit familii cu situa\u021bii extrem de dificile, care abia se \u00eentre\u021bineau. \u00cen astfel de cazuri, un scaun rulant p\u0103rea un accesoriu de lux, nu un echipament indispensabil. Ne-am bucurat s\u0103 le aducem un strop de speran\u021b\u0103 \u0219i s\u0103 le ar\u0103t\u0103m c\u0103 pot ap\u0103rea \u0219i lucruri bune \u00een via\u021ba lor. Ne dorim ca participan\u021bii la Caravan\u0103 s\u0103 urmeze recomand\u0103rile pe care le-au primit de la echipa noastr\u0103 \u0219i s\u0103 \u00eei ia drept exemplu pe instructorii no\u0219tri \u00een scaun rulant, astfel \u00eenc\u00e2t s\u0103-i reg\u0103sim mai independen\u021bi \u0219i mai \u00eencrez\u0103tori \u00een for\u021bele lor.\u201d<\/em> Cristian Alexandru, instructor de via\u021b\u0103 independent\u0103<\/p>\n<p>Primele deplas\u0103ri ale Caravanei au avut loc \u00eentre 24-27 iunie, \u00een jude\u021bele Neam\u021b \u0219i Bac\u0103u, 14-16 iulie, \u00een jude\u021bul Tulcea \u0219i 4-7 august, \u00een jude\u021bul Alba. Jude\u021bele \u00een care a sta\u021bionat Caravana Mobilit\u0103\u021bii au fost selectate de c\u0103tre echipele regionale Motivation, pe baza vizitelor la domiciliul beneficiarilor, fiind dintre cele mai izolate \u0219i cu un num\u0103r mare de persoane cu dizabilit\u0103\u021bi fizice.<\/p>\n<p><img fetchpriority=\"high\" decoding=\"async\" class=\"aligncenter\" src=\"http:\/\/www.motivation.ro\/en\/uploads\/images\/Stiri%20si%20evenimente\/10670030_765196403522431_286385061656568998_n.jpg\" alt=\"\" width=\"626\" height=\"417\" \/><\/p>\n<p>Investi\u021bia Funda\u021biei Vodafone Romania \u00een acest proiect desf\u0103\u0219urat \u00een anul 2014-2015 este de 38.000 de euro, iar valoarea proiectului se ridic\u0103 la 60.200 de euro, diferen\u021ba fiind acoperit\u0103 de Funda\u021bia Motivation Rom\u00e2nia.<\/p>\n<p>Funda\u0163ia Vodafone Rom\u00e2nia sus\u0163ine Funda\u0163ia Motivation Rom\u00e2nia de 13 ani pentru donarea de scaune rulante copiilor cu dizabilit\u0103\u0163i din \u00eentreaga \u0163ar\u0103 \u015fi pentru dezvoltarea oportunit\u0103\u0163ilor de terapie ocupa\u0163ional\u0103 pentru tineri cu dizabilit\u0103\u0163i severe dezinstitu\u0163ionaliza\u0163i \u00een casele de tip familial Motivation.<\/p>\n<p>***<\/p>\n<p><strong>Funda\u0163ia Vodafone Rom\u00e2nia<\/strong> este o organiza\u0163ie non-guvernamental\u0103 rom\u00e2neasc\u0103 cu statut caritabil, distinct\u0103 de opera\u0163iunile comerciale ale companiei, \u00eenfiin\u0163at\u0103 in 1998. \u00cen cei 16 ani de activitate, Funda\u0163ia Vodafone Rom\u00e2nia a finan\u0163at peste 768 de programe \u00een beneficiul copiilor, b\u0103tr\u00e2nilor, persoanelor defavorizate \u015fi tinerilor cu dizabilit\u0103\u0163i intelectuale sau locomotorii. P\u00e2n\u0103 \u00een prezent, Funda\u0163ia Vodafone a investit 17 milioane Euro \u00een proiecte desf\u0103\u015furate de organiza\u0163iile non profit partenere. Mai multe detalii despre programele Funda\u0163iei se reg\u0103sesc pe <a href=\"http:\/\/www.fundatia-vodafone.ro\/\">www.fundatia-vodafone.ro<\/a>, <a href=\"http:\/\/www.facebook.com\/fundatiavodafone\">www.facebook.com\/fundatiavodafone<\/a>, <a href=\"http:\/\/fundatiavodafone-blog.ro\/\">http:\/\/fundatiavodafone-blog.ro<\/a>.<\/p>\n<p><strong>Funda\u021bia Motivation<\/strong> <strong>Rom\u00e2nia<\/strong> este o organiza\u021bie neguvernamental\u0103, nonprofit, creat\u0103 \u00een 1995 pentru a veni \u00een sprijinul copiilor \u0219i adul\u021bilor cu dizabilit\u0103\u021bi. Serviciile pe care le ofer\u0103 acoper\u0103 o gama larg\u0103 de nevoi, de la evaluare \u0219i echipament adaptat pentru diferite tipuri de dizabilit\u0103\u021bi motorii, la recuperare medical\u0103 \u0219i instruire pentru via\u021b\u0103 independent\u0103 al\u0103turi de un instructor \u00een scaun rulant. P\u00e2n\u0103 \u00een prezent, Motivation a redat libertatea de miscare \u0219i speran\u021ba \u00eentr-o via\u021b\u0103 \u00eemplinit\u0103 pentru mai mult de 10.000 de persoane cu dizabilit\u0103\u021bi din Rom\u00e2nia. Mai multe informa\u021bii pe <a href=\"http:\/\/www.motivation.ro\/en\/\">www.motivation.ro\/en<\/a>.<\/p>\n","protected":false},"excerpt":{"rendered":"<p>Caravana Mobilit\u0103\u021bii s-a oprit la persoanele cu dizabilit\u0103\u021bi locomotorii din Constan\u021ba 33 de utilizatori de scaune rulante din localit\u0103\u021bi rurale ale jude\u021bului Constan\u021ba au primit scaune rulante, instruc\u021biuni pentru folosirea lor \u0219i recomand\u0103ri medicale &nbsp; Constan\u021ba, 22 septembrie \u2013 Caravana Mobilit\u0103\u021bii, primul atelier mobil de scaune rulante din \u021bar\u0103, s-a oprit s\u0103pt\u0103m\u00e2na trecut\u0103 \u00een localit\u0103\u021bile&#8230;<\/p>\n","protected":false},"author":1,"featured_media":0,"parent":103,"menu_order":0,"comment_status":"closed","ping_status":"closed","template":"","meta":{"footnotes":""},"class_list":["post-117","page","type-page","status-publish","hentry"],"yoast_head":"<!-- This site is optimized with the Yoast SEO plugin v27.1.1 - https:\/\/yoast.com\/product\/yoast-seo-wordpress\/ -->\n<title>The Mobility Caravan reached Constan\u021ba - Motivation Romania NGO<\/title>\n<meta name=\"robots\" content=\"index, follow, max-snippet:-1, max-image-preview:large, max-video-preview:-1\" \/>\n<link rel=\"canonical\" href=\"https:\/\/motivation.ro\/en\/programmes\/active-rehabilitation-independent-living\/the-mobility-caravan\/mobility-caravan-reached-constanta\/\" \/>\n<meta property=\"og:locale\" content=\"en_US\" \/>\n<meta property=\"og:type\" content=\"article\" \/>\n<meta property=\"og:title\" content=\"The Mobility Caravan reached Constan\u021ba - Motivation Romania NGO\" \/>\n<meta property=\"og:description\" content=\"Caravana Mobilit\u0103\u021bii s-a oprit la persoanele cu dizabilit\u0103\u021bi locomotorii din Constan\u021ba 33 de utilizatori de scaune rulante din localit\u0103\u021bi rurale ale jude\u021bului Constan\u021ba au primit scaune rulante, instruc\u021biuni pentru folosirea lor \u0219i recomand\u0103ri medicale &nbsp; Constan\u021ba, 22 septembrie \u2013 Caravana Mobilit\u0103\u021bii, primul atelier mobil de scaune rulante din \u021bar\u0103, s-a oprit s\u0103pt\u0103m\u00e2na trecut\u0103 \u00een localit\u0103\u021bile...\" \/>\n<meta property=\"og:url\" content=\"https:\/\/motivation.ro\/en\/programmes\/active-rehabilitation-independent-living\/the-mobility-caravan\/mobility-caravan-reached-constanta\/\" \/>\n<meta property=\"og:site_name\" content=\"Motivation Romania NGO\" \/>\n<meta property=\"article:publisher\" content=\"https:\/\/www.facebook.com\/FundatiaMotivationRomania\" \/>\n<meta property=\"article:modified_time\" content=\"2016-02-23T13:03:10+00:00\" \/>\n<meta property=\"og:image\" content=\"http:\/\/www.motivation.ro\/en\/uploads\/images\/Stiri%20si%20evenimente\/10670030_765196403522431_286385061656568998_n.jpg\" \/>\n<meta name=\"twitter:card\" content=\"summary_large_image\" \/>\n<meta name=\"twitter:label1\" content=\"Est. reading time\" \/>\n\t<meta name=\"twitter:data1\" content=\"4 minutes\" \/>\n<script type=\"application\/ld+json\" class=\"yoast-schema-graph\">{\"@context\":\"https:\/\/schema.org\",\"@graph\":[{\"@type\":\"WebPage\",\"@id\":\"https:\/\/motivation.ro\/en\/programmes\/active-rehabilitation-independent-living\/the-mobility-caravan\/mobility-caravan-reached-constanta\/\",\"url\":\"https:\/\/motivation.ro\/en\/programmes\/active-rehabilitation-independent-living\/the-mobility-caravan\/mobility-caravan-reached-constanta\/\",\"name\":\"The Mobility Caravan reached Constan\u021ba - Motivation Romania NGO\",\"isPartOf\":{\"@id\":\"https:\/\/motivation.ro\/en\/#website\"},\"primaryImageOfPage\":{\"@id\":\"https:\/\/motivation.ro\/en\/programmes\/active-rehabilitation-independent-living\/the-mobility-caravan\/mobility-caravan-reached-constanta\/#primaryimage\"},\"image\":{\"@id\":\"https:\/\/motivation.ro\/en\/programmes\/active-rehabilitation-independent-living\/the-mobility-caravan\/mobility-caravan-reached-constanta\/#primaryimage\"},\"thumbnailUrl\":\"http:\/\/www.motivation.ro\/en\/uploads\/images\/Stiri%20si%20evenimente\/10670030_765196403522431_286385061656568998_n.jpg\",\"datePublished\":\"2015-12-09T10:26:10+00:00\",\"dateModified\":\"2016-02-23T13:03:10+00:00\",\"breadcrumb\":{\"@id\":\"https:\/\/motivation.ro\/en\/programmes\/active-rehabilitation-independent-living\/the-mobility-caravan\/mobility-caravan-reached-constanta\/#breadcrumb\"},\"inLanguage\":\"en-US\",\"potentialAction\":[{\"@type\":\"ReadAction\",\"target\":[\"https:\/\/motivation.ro\/en\/programmes\/active-rehabilitation-independent-living\/the-mobility-caravan\/mobility-caravan-reached-constanta\/\"]}]},{\"@type\":\"ImageObject\",\"inLanguage\":\"en-US\",\"@id\":\"https:\/\/motivation.ro\/en\/programmes\/active-rehabilitation-independent-living\/the-mobility-caravan\/mobility-caravan-reached-constanta\/#primaryimage\",\"url\":\"http:\/\/www.motivation.ro\/en\/uploads\/images\/Stiri%20si%20evenimente\/10670030_765196403522431_286385061656568998_n.jpg\",\"contentUrl\":\"http:\/\/www.motivation.ro\/en\/uploads\/images\/Stiri%20si%20evenimente\/10670030_765196403522431_286385061656568998_n.jpg\"},{\"@type\":\"BreadcrumbList\",\"@id\":\"https:\/\/motivation.ro\/en\/programmes\/active-rehabilitation-independent-living\/the-mobility-caravan\/mobility-caravan-reached-constanta\/#breadcrumb\",\"itemListElement\":[{\"@type\":\"ListItem\",\"position\":1,\"name\":\"Home\",\"item\":\"https:\/\/motivation.ro\/en\/\"},{\"@type\":\"ListItem\",\"position\":2,\"name\":\"Programmes\",\"item\":\"https:\/\/motivation.ro\/en\/programmes\/\"},{\"@type\":\"ListItem\",\"position\":3,\"name\":\"Active Rehabilitation and Independent Living Training\",\"item\":\"https:\/\/motivation.ro\/en\/programmes\/active-rehabilitation-independent-living\/\"},{\"@type\":\"ListItem\",\"position\":4,\"name\":\"The Mobility Caravan\",\"item\":\"https:\/\/motivation.ro\/en\/programmes\/active-rehabilitation-independent-living\/the-mobility-caravan\/\"},{\"@type\":\"ListItem\",\"position\":5,\"name\":\"The Mobility Caravan reached Constan\u021ba\"}]},{\"@type\":\"WebSite\",\"@id\":\"https:\/\/motivation.ro\/en\/#website\",\"url\":\"https:\/\/motivation.ro\/en\/\",\"name\":\"Motivation Romania NGO\",\"description\":\"FMR\",\"publisher\":{\"@id\":\"https:\/\/motivation.ro\/en\/#organization\"},\"potentialAction\":[{\"@type\":\"SearchAction\",\"target\":{\"@type\":\"EntryPoint\",\"urlTemplate\":\"https:\/\/motivation.ro\/en\/?s={search_term_string}\"},\"query-input\":{\"@type\":\"PropertyValueSpecification\",\"valueRequired\":true,\"valueName\":\"search_term_string\"}}],\"inLanguage\":\"en-US\"},{\"@type\":\"Organization\",\"@id\":\"https:\/\/motivation.ro\/en\/#organization\",\"name\":\"Fundatia Motivation Romania\",\"url\":\"https:\/\/motivation.ro\/en\/\",\"logo\":{\"@type\":\"ImageObject\",\"inLanguage\":\"en-US\",\"@id\":\"https:\/\/motivation.ro\/en\/#\/schema\/logo\/image\/\",\"url\":\"https:\/\/motivation.ro\/en\/wp-content\/uploads\/sites\/10\/2015\/12\/logo_mot_shadow.png\",\"contentUrl\":\"https:\/\/motivation.ro\/en\/wp-content\/uploads\/sites\/10\/2015\/12\/logo_mot_shadow.png\",\"width\":350,\"height\":84,\"caption\":\"Fundatia Motivation Romania\"},\"image\":{\"@id\":\"https:\/\/motivation.ro\/en\/#\/schema\/logo\/image\/\"},\"sameAs\":[\"https:\/\/www.facebook.com\/FundatiaMotivationRomania\"]}]}<\/script>\n<!-- \/ Yoast SEO plugin. -->","yoast_head_json":{"title":"The Mobility Caravan reached Constan\u021ba - Motivation Romania NGO","robots":{"index":"index","follow":"follow","max-snippet":"max-snippet:-1","max-image-preview":"max-image-preview:large","max-video-preview":"max-video-preview:-1"},"canonical":"https:\/\/motivation.ro\/en\/programmes\/active-rehabilitation-independent-living\/the-mobility-caravan\/mobility-caravan-reached-constanta\/","og_locale":"en_US","og_type":"article","og_title":"The Mobility Caravan reached Constan\u021ba - Motivation Romania NGO","og_description":"Caravana Mobilit\u0103\u021bii s-a oprit la persoanele cu dizabilit\u0103\u021bi locomotorii din Constan\u021ba 33 de utilizatori de scaune rulante din localit\u0103\u021bi rurale ale jude\u021bului Constan\u021ba au primit scaune rulante, instruc\u021biuni pentru folosirea lor \u0219i recomand\u0103ri medicale &nbsp; Constan\u021ba, 22 septembrie \u2013 Caravana Mobilit\u0103\u021bii, primul atelier mobil de scaune rulante din \u021bar\u0103, s-a oprit s\u0103pt\u0103m\u00e2na trecut\u0103 \u00een localit\u0103\u021bile...","og_url":"https:\/\/motivation.ro\/en\/programmes\/active-rehabilitation-independent-living\/the-mobility-caravan\/mobility-caravan-reached-constanta\/","og_site_name":"Motivation Romania NGO","article_publisher":"https:\/\/www.facebook.com\/FundatiaMotivationRomania","article_modified_time":"2016-02-23T13:03:10+00:00","og_image":[{"url":"http:\/\/www.motivation.ro\/en\/uploads\/images\/Stiri%20si%20evenimente\/10670030_765196403522431_286385061656568998_n.jpg","type":"","width":"","height":""}],"twitter_card":"summary_large_image","twitter_misc":{"Est. reading time":"4 minutes"},"schema":{"@context":"https:\/\/schema.org","@graph":[{"@type":"WebPage","@id":"https:\/\/motivation.ro\/en\/programmes\/active-rehabilitation-independent-living\/the-mobility-caravan\/mobility-caravan-reached-constanta\/","url":"https:\/\/motivation.ro\/en\/programmes\/active-rehabilitation-independent-living\/the-mobility-caravan\/mobility-caravan-reached-constanta\/","name":"The Mobility Caravan reached Constan\u021ba - Motivation Romania NGO","isPartOf":{"@id":"https:\/\/motivation.ro\/en\/#website"},"primaryImageOfPage":{"@id":"https:\/\/motivation.ro\/en\/programmes\/active-rehabilitation-independent-living\/the-mobility-caravan\/mobility-caravan-reached-constanta\/#primaryimage"},"image":{"@id":"https:\/\/motivation.ro\/en\/programmes\/active-rehabilitation-independent-living\/the-mobility-caravan\/mobility-caravan-reached-constanta\/#primaryimage"},"thumbnailUrl":"http:\/\/www.motivation.ro\/en\/uploads\/images\/Stiri%20si%20evenimente\/10670030_765196403522431_286385061656568998_n.jpg","datePublished":"2015-12-09T10:26:10+00:00","dateModified":"2016-02-23T13:03:10+00:00","breadcrumb":{"@id":"https:\/\/motivation.ro\/en\/programmes\/active-rehabilitation-independent-living\/the-mobility-caravan\/mobility-caravan-reached-constanta\/#breadcrumb"},"inLanguage":"en-US","potentialAction":[{"@type":"ReadAction","target":["https:\/\/motivation.ro\/en\/programmes\/active-rehabilitation-independent-living\/the-mobility-caravan\/mobility-caravan-reached-constanta\/"]}]},{"@type":"ImageObject","inLanguage":"en-US","@id":"https:\/\/motivation.ro\/en\/programmes\/active-rehabilitation-independent-living\/the-mobility-caravan\/mobility-caravan-reached-constanta\/#primaryimage","url":"http:\/\/www.motivation.ro\/en\/uploads\/images\/Stiri%20si%20evenimente\/10670030_765196403522431_286385061656568998_n.jpg","contentUrl":"http:\/\/www.motivation.ro\/en\/uploads\/images\/Stiri%20si%20evenimente\/10670030_765196403522431_286385061656568998_n.jpg"},{"@type":"BreadcrumbList","@id":"https:\/\/motivation.ro\/en\/programmes\/active-rehabilitation-independent-living\/the-mobility-caravan\/mobility-caravan-reached-constanta\/#breadcrumb","itemListElement":[{"@type":"ListItem","position":1,"name":"Home","item":"https:\/\/motivation.ro\/en\/"},{"@type":"ListItem","position":2,"name":"Programmes","item":"https:\/\/motivation.ro\/en\/programmes\/"},{"@type":"ListItem","position":3,"name":"Active Rehabilitation and Independent Living Training","item":"https:\/\/motivation.ro\/en\/programmes\/active-rehabilitation-independent-living\/"},{"@type":"ListItem","position":4,"name":"The Mobility Caravan","item":"https:\/\/motivation.ro\/en\/programmes\/active-rehabilitation-independent-living\/the-mobility-caravan\/"},{"@type":"ListItem","position":5,"name":"The Mobility Caravan reached Constan\u021ba"}]},{"@type":"WebSite","@id":"https:\/\/motivation.ro\/en\/#website","url":"https:\/\/motivation.ro\/en\/","name":"Motivation Romania NGO","description":"FMR","publisher":{"@id":"https:\/\/motivation.ro\/en\/#organization"},"potentialAction":[{"@type":"SearchAction","target":{"@type":"EntryPoint","urlTemplate":"https:\/\/motivation.ro\/en\/?s={search_term_string}"},"query-input":{"@type":"PropertyValueSpecification","valueRequired":true,"valueName":"search_term_string"}}],"inLanguage":"en-US"},{"@type":"Organization","@id":"https:\/\/motivation.ro\/en\/#organization","name":"Fundatia Motivation Romania","url":"https:\/\/motivation.ro\/en\/","logo":{"@type":"ImageObject","inLanguage":"en-US","@id":"https:\/\/motivation.ro\/en\/#\/schema\/logo\/image\/","url":"https:\/\/motivation.ro\/en\/wp-content\/uploads\/sites\/10\/2015\/12\/logo_mot_shadow.png","contentUrl":"https:\/\/motivation.ro\/en\/wp-content\/uploads\/sites\/10\/2015\/12\/logo_mot_shadow.png","width":350,"height":84,"caption":"Fundatia Motivation Romania"},"image":{"@id":"https:\/\/motivation.ro\/en\/#\/schema\/logo\/image\/"},"sameAs":["https:\/\/www.facebook.com\/FundatiaMotivationRomania"]}]}},"_links":{"self":[{"href":"https:\/\/motivation.ro\/en\/wp-json\/wp\/v2\/pages\/117","targetHints":{"allow":["GET"]}}],"collection":[{"href":"https:\/\/motivation.ro\/en\/wp-json\/wp\/v2\/pages"}],"about":[{"href":"https:\/\/motivation.ro\/en\/wp-json\/wp\/v2\/types\/page"}],"author":[{"embeddable":true,"href":"https:\/\/motivation.ro\/en\/wp-json\/wp\/v2\/users\/1"}],"replies":[{"embeddable":true,"href":"https:\/\/motivation.ro\/en\/wp-json\/wp\/v2\/comments?post=117"}],"version-history":[{"count":3,"href":"https:\/\/motivation.ro\/en\/wp-json\/wp\/v2\/pages\/117\/revisions"}],"predecessor-version":[{"id":2402,"href":"https:\/\/motivation.ro\/en\/wp-json\/wp\/v2\/pages\/117\/revisions\/2402"}],"up":[{"embeddable":true,"href":"https:\/\/motivation.ro\/en\/wp-json\/wp\/v2\/pages\/103"}],"wp:attachment":[{"href":"https:\/\/motivation.ro\/en\/wp-json\/wp\/v2\/media?parent=117"}],"curies":[{"name":"wp","href":"https:\/\/api.w.org\/{rel}","templated":true}]}}