{"id":180,"date":"2015-12-09T13:01:02","date_gmt":"2015-12-09T11:01:02","guid":{"rendered":"http:\/\/motivation.ro\/en\/?page_id=180"},"modified":"2016-02-23T15:15:08","modified_gmt":"2016-02-23T13:15:08","slug":"media-appearances","status":"publish","type":"page","link":"https:\/\/motivation.ro\/en\/social-economy\/abilities-matter-economically\/media-appearances\/","title":{"rendered":"Media appearances"},"content":{"rendered":"<style type=\"text\/css\"><\/style><h2><img fetchpriority=\"high\" decoding=\"async\" class=\"aligncenter\" src=\"http:\/\/www.motivation.ro\/en\/uploads\/achizitii\/header_144402.jpg\" alt=\"\" width=\"730\" height=\"159\" \/><\/h2>\n<p><a href=\"http:\/\/www.newsbuzau.ro\/index.php\/social\/2939-la-aceasta-ora-fundatia-motivation-romania-in-colaborare-cu-fundatia-pentru-copii-sfantul-sava-de-la-buzau-lanseaza-un-proiect-european-pentru-buzoienii-cu-dizabilitati\" target=\"_blank\">Funda\u021bia Motivation Rom\u00e2nia lanseaz\u0103 un proiect european pentru buzoienii cu dizabilit\u0103\u021bi<\/a><\/p>\n<p><a href=\"http:\/\/www.sansanews.ro\/stiri\/actualitate\/buzau\/proiect-in-premiera-nationala-lansat-de-fundatia-sf-sava-la-buzau.html\" target=\"_blank\">Proiect \u00een premier\u0103 na\u021bional\u0103<\/a><\/p>\n<p><a href=\"http:\/\/alarmabuzoiana.ro\/fundatia-motivation-romania-lanseaza-proiectul-european-abilitatile-conteaza-si-economic\/\" target=\"_blank\">Funda\u021bia Motivation Rom\u00e2nia lanseaz\u0103 proiectul european \u201dAbilit\u0103\u021bile conteaz\u0103 \u0219i economic\u201d<\/a><\/p>\n<p><a href=\"http:\/\/www.opiniabuzau.ro\/index.php\/actualitate\/27845-prin-derularea-unui-proiect-premiera-la-nivel-national-fundatia-sfantul-sava-se-implica-activ-in-integrarea-persoanelor-cu-dizabilitati-pe-piata-muncii-si-in-societate\" target=\"_blank\">Prin derularea unui proiect premier\u0103 la nivel na\u021bional, Funda\u021bia \u201dSf\u00e2ntul Sava\u201d se implic\u0103 activ \u00een integrarea persoanelor cu dizabilit\u0103\u021bi pe pia\u021ba muncii \u0219i \u00een societate<\/a><\/p>\n<p><img decoding=\"async\" class=\"aligncenter\" src=\"http:\/\/www.motivation.ro\/en\/uploads\/images\/achizitii_foto\/footer_144402_rev.jpg\" alt=\"\" width=\"730\" height=\"74\" \/><\/p>\n<p>&nbsp;<\/p>\n","protected":false},"excerpt":{"rendered":"<p>Funda\u021bia Motivation Rom\u00e2nia lanseaz\u0103 un proiect european pentru buzoienii cu dizabilit\u0103\u021bi Proiect \u00een premier\u0103 na\u021bional\u0103 Funda\u021bia Motivation Rom\u00e2nia lanseaz\u0103 proiectul european \u201dAbilit\u0103\u021bile conteaz\u0103 \u0219i economic\u201d Prin derularea unui proiect premier\u0103 la nivel na\u021bional, Funda\u021bia \u201dSf\u00e2ntul Sava\u201d se implic\u0103 activ \u00een integrarea persoanelor cu dizabilit\u0103\u021bi pe pia\u021ba muncii \u0219i \u00een societate &nbsp;<\/p>\n","protected":false},"author":1,"featured_media":0,"parent":163,"menu_order":0,"comment_status":"closed","ping_status":"closed","template":"","meta":{"footnotes":""},"class_list":["post-180","page","type-page","status-publish","hentry"],"yoast_head":"<!-- This site is optimized with the Yoast SEO plugin v27.1.1 - https:\/\/yoast.com\/product\/yoast-seo-wordpress\/ -->\n<title>Media appearances - Motivation Romania NGO<\/title>\n<meta name=\"robots\" content=\"index, follow, max-snippet:-1, max-image-preview:large, max-video-preview:-1\" \/>\n<link rel=\"canonical\" href=\"https:\/\/motivation.ro\/en\/social-economy\/abilities-matter-economically\/media-appearances\/\" \/>\n<meta property=\"og:locale\" content=\"en_US\" \/>\n<meta property=\"og:type\" content=\"article\" \/>\n<meta property=\"og:title\" content=\"Media appearances - Motivation Romania NGO\" \/>\n<meta property=\"og:description\" content=\"Funda\u021bia Motivation Rom\u00e2nia lanseaz\u0103 un proiect european pentru buzoienii cu dizabilit\u0103\u021bi Proiect \u00een premier\u0103 na\u021bional\u0103 Funda\u021bia Motivation Rom\u00e2nia lanseaz\u0103 proiectul european \u201dAbilit\u0103\u021bile conteaz\u0103 \u0219i economic\u201d Prin derularea unui proiect premier\u0103 la nivel na\u021bional, Funda\u021bia \u201dSf\u00e2ntul Sava\u201d se implic\u0103 activ \u00een integrarea persoanelor cu dizabilit\u0103\u021bi pe pia\u021ba muncii \u0219i \u00een societate &nbsp;\" \/>\n<meta property=\"og:url\" content=\"https:\/\/motivation.ro\/en\/social-economy\/abilities-matter-economically\/media-appearances\/\" \/>\n<meta property=\"og:site_name\" content=\"Motivation Romania NGO\" \/>\n<meta property=\"article:publisher\" content=\"https:\/\/www.facebook.com\/FundatiaMotivationRomania\" \/>\n<meta property=\"article:modified_time\" content=\"2016-02-23T13:15:08+00:00\" \/>\n<meta property=\"og:image\" content=\"http:\/\/www.motivation.ro\/en\/uploads\/achizitii\/header_144402.jpg\" \/>\n<meta name=\"twitter:card\" content=\"summary_large_image\" \/>\n<script type=\"application\/ld+json\" class=\"yoast-schema-graph\">{\"@context\":\"https:\/\/schema.org\",\"@graph\":[{\"@type\":\"WebPage\",\"@id\":\"https:\/\/motivation.ro\/en\/social-economy\/abilities-matter-economically\/media-appearances\/\",\"url\":\"https:\/\/motivation.ro\/en\/social-economy\/abilities-matter-economically\/media-appearances\/\",\"name\":\"Media appearances - Motivation Romania NGO\",\"isPartOf\":{\"@id\":\"https:\/\/motivation.ro\/en\/#website\"},\"primaryImageOfPage\":{\"@id\":\"https:\/\/motivation.ro\/en\/social-economy\/abilities-matter-economically\/media-appearances\/#primaryimage\"},\"image\":{\"@id\":\"https:\/\/motivation.ro\/en\/social-economy\/abilities-matter-economically\/media-appearances\/#primaryimage\"},\"thumbnailUrl\":\"http:\/\/www.motivation.ro\/en\/uploads\/achizitii\/header_144402.jpg\",\"datePublished\":\"2015-12-09T11:01:02+00:00\",\"dateModified\":\"2016-02-23T13:15:08+00:00\",\"breadcrumb\":{\"@id\":\"https:\/\/motivation.ro\/en\/social-economy\/abilities-matter-economically\/media-appearances\/#breadcrumb\"},\"inLanguage\":\"en-US\",\"potentialAction\":[{\"@type\":\"ReadAction\",\"target\":[\"https:\/\/motivation.ro\/en\/social-economy\/abilities-matter-economically\/media-appearances\/\"]}]},{\"@type\":\"ImageObject\",\"inLanguage\":\"en-US\",\"@id\":\"https:\/\/motivation.ro\/en\/social-economy\/abilities-matter-economically\/media-appearances\/#primaryimage\",\"url\":\"http:\/\/www.motivation.ro\/en\/uploads\/achizitii\/header_144402.jpg\",\"contentUrl\":\"http:\/\/www.motivation.ro\/en\/uploads\/achizitii\/header_144402.jpg\"},{\"@type\":\"BreadcrumbList\",\"@id\":\"https:\/\/motivation.ro\/en\/social-economy\/abilities-matter-economically\/media-appearances\/#breadcrumb\",\"itemListElement\":[{\"@type\":\"ListItem\",\"position\":1,\"name\":\"Home\",\"item\":\"https:\/\/motivation.ro\/en\/\"},{\"@type\":\"ListItem\",\"position\":2,\"name\":\"Social economy\",\"item\":\"https:\/\/motivation.ro\/en\/social-economy\/\"},{\"@type\":\"ListItem\",\"position\":3,\"name\":\"Abilities Matter in the Market Economy\",\"item\":\"https:\/\/motivation.ro\/en\/social-economy\/abilities-matter-economically\/\"},{\"@type\":\"ListItem\",\"position\":4,\"name\":\"Media appearances\"}]},{\"@type\":\"WebSite\",\"@id\":\"https:\/\/motivation.ro\/en\/#website\",\"url\":\"https:\/\/motivation.ro\/en\/\",\"name\":\"Motivation Romania NGO\",\"description\":\"FMR\",\"publisher\":{\"@id\":\"https:\/\/motivation.ro\/en\/#organization\"},\"potentialAction\":[{\"@type\":\"SearchAction\",\"target\":{\"@type\":\"EntryPoint\",\"urlTemplate\":\"https:\/\/motivation.ro\/en\/?s={search_term_string}\"},\"query-input\":{\"@type\":\"PropertyValueSpecification\",\"valueRequired\":true,\"valueName\":\"search_term_string\"}}],\"inLanguage\":\"en-US\"},{\"@type\":\"Organization\",\"@id\":\"https:\/\/motivation.ro\/en\/#organization\",\"name\":\"Fundatia Motivation Romania\",\"url\":\"https:\/\/motivation.ro\/en\/\",\"logo\":{\"@type\":\"ImageObject\",\"inLanguage\":\"en-US\",\"@id\":\"https:\/\/motivation.ro\/en\/#\/schema\/logo\/image\/\",\"url\":\"https:\/\/motivation.ro\/en\/wp-content\/uploads\/sites\/10\/2015\/12\/logo_mot_shadow.png\",\"contentUrl\":\"https:\/\/motivation.ro\/en\/wp-content\/uploads\/sites\/10\/2015\/12\/logo_mot_shadow.png\",\"width\":350,\"height\":84,\"caption\":\"Fundatia Motivation Romania\"},\"image\":{\"@id\":\"https:\/\/motivation.ro\/en\/#\/schema\/logo\/image\/\"},\"sameAs\":[\"https:\/\/www.facebook.com\/FundatiaMotivationRomania\"]}]}<\/script>\n<!-- \/ Yoast SEO plugin. -->","yoast_head_json":{"title":"Media appearances - Motivation Romania NGO","robots":{"index":"index","follow":"follow","max-snippet":"max-snippet:-1","max-image-preview":"max-image-preview:large","max-video-preview":"max-video-preview:-1"},"canonical":"https:\/\/motivation.ro\/en\/social-economy\/abilities-matter-economically\/media-appearances\/","og_locale":"en_US","og_type":"article","og_title":"Media appearances - Motivation Romania NGO","og_description":"Funda\u021bia Motivation Rom\u00e2nia lanseaz\u0103 un proiect european pentru buzoienii cu dizabilit\u0103\u021bi Proiect \u00een premier\u0103 na\u021bional\u0103 Funda\u021bia Motivation Rom\u00e2nia lanseaz\u0103 proiectul european \u201dAbilit\u0103\u021bile conteaz\u0103 \u0219i economic\u201d Prin derularea unui proiect premier\u0103 la nivel na\u021bional, Funda\u021bia \u201dSf\u00e2ntul Sava\u201d se implic\u0103 activ \u00een integrarea persoanelor cu dizabilit\u0103\u021bi pe pia\u021ba muncii \u0219i \u00een societate &nbsp;","og_url":"https:\/\/motivation.ro\/en\/social-economy\/abilities-matter-economically\/media-appearances\/","og_site_name":"Motivation Romania NGO","article_publisher":"https:\/\/www.facebook.com\/FundatiaMotivationRomania","article_modified_time":"2016-02-23T13:15:08+00:00","og_image":[{"url":"http:\/\/www.motivation.ro\/en\/uploads\/achizitii\/header_144402.jpg","type":"","width":"","height":""}],"twitter_card":"summary_large_image","schema":{"@context":"https:\/\/schema.org","@graph":[{"@type":"WebPage","@id":"https:\/\/motivation.ro\/en\/social-economy\/abilities-matter-economically\/media-appearances\/","url":"https:\/\/motivation.ro\/en\/social-economy\/abilities-matter-economically\/media-appearances\/","name":"Media appearances - Motivation Romania NGO","isPartOf":{"@id":"https:\/\/motivation.ro\/en\/#website"},"primaryImageOfPage":{"@id":"https:\/\/motivation.ro\/en\/social-economy\/abilities-matter-economically\/media-appearances\/#primaryimage"},"image":{"@id":"https:\/\/motivation.ro\/en\/social-economy\/abilities-matter-economically\/media-appearances\/#primaryimage"},"thumbnailUrl":"http:\/\/www.motivation.ro\/en\/uploads\/achizitii\/header_144402.jpg","datePublished":"2015-12-09T11:01:02+00:00","dateModified":"2016-02-23T13:15:08+00:00","breadcrumb":{"@id":"https:\/\/motivation.ro\/en\/social-economy\/abilities-matter-economically\/media-appearances\/#breadcrumb"},"inLanguage":"en-US","potentialAction":[{"@type":"ReadAction","target":["https:\/\/motivation.ro\/en\/social-economy\/abilities-matter-economically\/media-appearances\/"]}]},{"@type":"ImageObject","inLanguage":"en-US","@id":"https:\/\/motivation.ro\/en\/social-economy\/abilities-matter-economically\/media-appearances\/#primaryimage","url":"http:\/\/www.motivation.ro\/en\/uploads\/achizitii\/header_144402.jpg","contentUrl":"http:\/\/www.motivation.ro\/en\/uploads\/achizitii\/header_144402.jpg"},{"@type":"BreadcrumbList","@id":"https:\/\/motivation.ro\/en\/social-economy\/abilities-matter-economically\/media-appearances\/#breadcrumb","itemListElement":[{"@type":"ListItem","position":1,"name":"Home","item":"https:\/\/motivation.ro\/en\/"},{"@type":"ListItem","position":2,"name":"Social economy","item":"https:\/\/motivation.ro\/en\/social-economy\/"},{"@type":"ListItem","position":3,"name":"Abilities Matter in the Market Economy","item":"https:\/\/motivation.ro\/en\/social-economy\/abilities-matter-economically\/"},{"@type":"ListItem","position":4,"name":"Media appearances"}]},{"@type":"WebSite","@id":"https:\/\/motivation.ro\/en\/#website","url":"https:\/\/motivation.ro\/en\/","name":"Motivation Romania NGO","description":"FMR","publisher":{"@id":"https:\/\/motivation.ro\/en\/#organization"},"potentialAction":[{"@type":"SearchAction","target":{"@type":"EntryPoint","urlTemplate":"https:\/\/motivation.ro\/en\/?s={search_term_string}"},"query-input":{"@type":"PropertyValueSpecification","valueRequired":true,"valueName":"search_term_string"}}],"inLanguage":"en-US"},{"@type":"Organization","@id":"https:\/\/motivation.ro\/en\/#organization","name":"Fundatia Motivation Romania","url":"https:\/\/motivation.ro\/en\/","logo":{"@type":"ImageObject","inLanguage":"en-US","@id":"https:\/\/motivation.ro\/en\/#\/schema\/logo\/image\/","url":"https:\/\/motivation.ro\/en\/wp-content\/uploads\/sites\/10\/2015\/12\/logo_mot_shadow.png","contentUrl":"https:\/\/motivation.ro\/en\/wp-content\/uploads\/sites\/10\/2015\/12\/logo_mot_shadow.png","width":350,"height":84,"caption":"Fundatia Motivation Romania"},"image":{"@id":"https:\/\/motivation.ro\/en\/#\/schema\/logo\/image\/"},"sameAs":["https:\/\/www.facebook.com\/FundatiaMotivationRomania"]}]}},"_links":{"self":[{"href":"https:\/\/motivation.ro\/en\/wp-json\/wp\/v2\/pages\/180","targetHints":{"allow":["GET"]}}],"collection":[{"href":"https:\/\/motivation.ro\/en\/wp-json\/wp\/v2\/pages"}],"about":[{"href":"https:\/\/motivation.ro\/en\/wp-json\/wp\/v2\/types\/page"}],"author":[{"embeddable":true,"href":"https:\/\/motivation.ro\/en\/wp-json\/wp\/v2\/users\/1"}],"replies":[{"embeddable":true,"href":"https:\/\/motivation.ro\/en\/wp-json\/wp\/v2\/comments?post=180"}],"version-history":[{"count":3,"href":"https:\/\/motivation.ro\/en\/wp-json\/wp\/v2\/pages\/180\/revisions"}],"predecessor-version":[{"id":2426,"href":"https:\/\/motivation.ro\/en\/wp-json\/wp\/v2\/pages\/180\/revisions\/2426"}],"up":[{"embeddable":true,"href":"https:\/\/motivation.ro\/en\/wp-json\/wp\/v2\/pages\/163"}],"wp:attachment":[{"href":"https:\/\/motivation.ro\/en\/wp-json\/wp\/v2\/media?parent=180"}],"curies":[{"name":"wp","href":"https:\/\/api.w.org\/{rel}","templated":true}]}}