{"id":220,"date":"2015-12-09T13:21:37","date_gmt":"2015-12-09T11:21:37","guid":{"rendered":"http:\/\/motivation.ro\/en\/?page_id=220"},"modified":"2016-02-23T13:32:11","modified_gmt":"2016-02-23T11:32:11","slug":"looking-ahead","status":"publish","type":"page","link":"https:\/\/motivation.ro\/en\/employment-vulnerable-groups\/looking-ahead\/","title":{"rendered":"Looking ahead"},"content":{"rendered":"<style type=\"text\/css\"><\/style><h2><\/h2>\n<h2><\/h2>\n<h2><img fetchpriority=\"high\" decoding=\"async\" class=\"aligncenter\" src=\"http:\/\/www.motivation.ro\/en\/uploads\/images\/IMPACT%20(2).jpg\" alt=\"\" width=\"880\" height=\"90\" \/><\/h2>\n<p>Proiect cofinan\u0163at din Fondul Social European prin Programul Opera\u0163ional Sectorial Dezvoltarea Resurselor Umane 2007 \u2013 2013<br \/>\nAxa prioritar\u0103 2: \u201cCorelarea invatarii pe tot parcursul vietii cu piata muncii\u201d<br \/>\nDomeniul major de interven\u0163ie 2.2. :\u201cPrevenirea si corectarea parasirii timpurii a scolii\u201d<br \/>\nTitlul proiectului: \u201ePrivind spre viitor-o sansa de integrare pe piata muncii pentru persoanele cu dizabilitati\u201d<br \/>\nBeneficiar: Fundatia Motivation Romania<br \/>\nNum\u0103r identificare contract: POSDRU\/8\/2.2\/S\/6<\/p>\n<p><strong>Obiectiv general:<\/strong><\/p>\n<p>Dezvoltarea de servicii educationale si sociale \u2013 model de buna practica in abilitarea persoanelor cu dizabilitati pentru o mai buna insertie sociala si pe piata muncii.<\/p>\n<p><strong>Obiective specifice:<\/strong><\/p>\n<p>&#8211; dezvoltarea serviciilor de terapie educationala integrata tip \u201c a doua sansa\u201d pentru persoane cu dizabilitati nescolarizate\/au abandonat de timpuriu scoala;<\/p>\n<p>-dezvoltarea serviciilor de educatie remediala pentru copii si tineri cu dizabilitati care frecventeaza scoala in vederea prevenirii fenomenului de parasire timpurie a scolii;<\/p>\n<p>-dezvoltarea unui program de formare si schimb de experienta pentru specialistii implicati in proiect;<\/p>\n<p>-dezvoltarea de parteneriate public\/private la nivel local pentru promovarea unei educatii flexibile si personalizate a persoanelor cu dizabilitati si gasirea de solutii pentru stimularea implicarii in viata comunitatii si pe piata muncii a persoanelor cu dizabilitati;<\/p>\n<p><strong>Grup tinta: <\/strong>elevi cu\u00a0risc de\u00a0parasire timpurie a scolii, persoane care nu au absolvit invatamantul obligatoriu sau au parasit de timpuriu scoala, parinti\/tutori ai elevilor cu risc de parasire timpurie a scolii, personal implicat in dezvoltarea si implementarea programelor de educatie de tip \u201ca doua sansa\u201d<\/p>\n<p><strong><strong>Activit\u0103\u0163i \u015fi rezultate:<\/strong><\/strong><\/p>\n<p>-Organizarea unui ansamblu de servicii \u2013 model de bune practici educationale si sociale pentru persoane cu dizabilitati;<\/p>\n<p>-Dezvoltarea de servicii de terapie educationala integrata si educatie remediala pentru un\u00a0 numar de 40 de beneficiari;<\/p>\n<p>-Servicii de consiliere pentru 100 de parinti ai copiilor din proiect sau din comunitate;<\/p>\n<p>-Instruire si vizite de studiu pentru 10 specialisti implicati in proiect cu sprijinul partenerilor de la Asociatia Organizatia Caritas Satu Mare si Casa Faenza Timisoara;<\/p>\n<p>-Dezvoltarea de parteneriate cu Inspectoratul Scolar Judetean Ilfov, Directia Generala de Asistenta Sociala si Protectia Copilului Ilfov, Agentia Judeteana de Ocupare a Fortelor de Munca Ilfov;<\/p>\n<p>-Activitati de informare si publicitate<\/p>\n<p>Perioada de desf\u0103\u015furare:\u00a0Decembrie 2008 \u2013 Noiembrie 2011<\/p>\n<p>Parteneri: Asociatia Organizatia Caritas Satu Mare, Asociatia Casa Faenza Timisoara<\/p>\n<p>Finan\u0163are: Proiect cofinan\u0163at de Fondul Social European prin Programul Opera\u0163ional Sectorial Dezvoltarea Resurselor Umane 2007 \u2013 2013<\/p>\n<p>Buget:\u00a02.246.528 RON<\/p>\n<p><strong><strong>Persoane de contact:<\/strong><\/strong><\/p>\n<p>Daniela Ilea &#8211; Manager Proiect<\/p>\n<p>Comunicat finalizare proiect &#8211; detalii <a href=\"http:\/\/www.motivation.ro\/en\/uploads\/pdf\/Comunicat%20de%20presa_FMR_30%20nov%202011.pdf\" target=\"_blank\">aici<\/a><\/p>\n<p>Vezi film<\/p>\n<p><strong><a href=\"http:\/\/www.youtube.com\/watch?v=MWBaQ3rqe48&amp;feature=youtu.be\" target=\"_blank\">aici<\/a><\/strong><\/p>\n","protected":false},"excerpt":{"rendered":"<p>Proiect cofinan\u0163at din Fondul Social European prin Programul Opera\u0163ional Sectorial Dezvoltarea Resurselor Umane 2007 \u2013 2013 Axa prioritar\u0103 2: \u201cCorelarea invatarii pe tot parcursul vietii cu piata muncii\u201d Domeniul major de interven\u0163ie 2.2. :\u201cPrevenirea si corectarea parasirii timpurii a scolii\u201d Titlul proiectului: \u201ePrivind spre viitor-o sansa de integrare pe piata muncii pentru persoanele cu dizabilitati\u201d&#8230;<\/p>\n","protected":false},"author":1,"featured_media":0,"parent":204,"menu_order":0,"comment_status":"closed","ping_status":"closed","template":"","meta":{"footnotes":""},"class_list":["post-220","page","type-page","status-publish","hentry"],"yoast_head":"<!-- This site is optimized with the Yoast SEO plugin v27.1.1 - https:\/\/yoast.com\/product\/yoast-seo-wordpress\/ -->\n<title>Looking ahead - Motivation Romania NGO<\/title>\n<meta name=\"robots\" content=\"index, follow, max-snippet:-1, max-image-preview:large, max-video-preview:-1\" \/>\n<link rel=\"canonical\" href=\"https:\/\/motivation.ro\/en\/employment-vulnerable-groups\/looking-ahead\/\" \/>\n<meta property=\"og:locale\" content=\"en_US\" \/>\n<meta property=\"og:type\" content=\"article\" \/>\n<meta property=\"og:title\" content=\"Looking ahead - Motivation Romania NGO\" \/>\n<meta property=\"og:description\" content=\"Proiect cofinan\u0163at din Fondul Social European prin Programul Opera\u0163ional Sectorial Dezvoltarea Resurselor Umane 2007 \u2013 2013 Axa prioritar\u0103 2: \u201cCorelarea invatarii pe tot parcursul vietii cu piata muncii\u201d Domeniul major de interven\u0163ie 2.2. :\u201cPrevenirea si corectarea parasirii timpurii a scolii\u201d Titlul proiectului: \u201ePrivind spre viitor-o sansa de integrare pe piata muncii pentru persoanele cu dizabilitati\u201d...\" \/>\n<meta property=\"og:url\" content=\"https:\/\/motivation.ro\/en\/employment-vulnerable-groups\/looking-ahead\/\" \/>\n<meta property=\"og:site_name\" content=\"Motivation Romania NGO\" \/>\n<meta property=\"article:publisher\" content=\"https:\/\/www.facebook.com\/FundatiaMotivationRomania\" \/>\n<meta property=\"article:modified_time\" content=\"2016-02-23T11:32:11+00:00\" \/>\n<meta property=\"og:image\" content=\"http:\/\/www.motivation.ro\/en\/uploads\/images\/IMPACT%20(2).jpg\" \/>\n<meta name=\"twitter:card\" content=\"summary_large_image\" \/>\n<meta name=\"twitter:label1\" content=\"Est. reading time\" \/>\n\t<meta name=\"twitter:data1\" content=\"2 minutes\" \/>\n<script type=\"application\/ld+json\" class=\"yoast-schema-graph\">{\"@context\":\"https:\/\/schema.org\",\"@graph\":[{\"@type\":\"WebPage\",\"@id\":\"https:\/\/motivation.ro\/en\/employment-vulnerable-groups\/looking-ahead\/\",\"url\":\"https:\/\/motivation.ro\/en\/employment-vulnerable-groups\/looking-ahead\/\",\"name\":\"Looking ahead - Motivation Romania NGO\",\"isPartOf\":{\"@id\":\"https:\/\/motivation.ro\/en\/#website\"},\"primaryImageOfPage\":{\"@id\":\"https:\/\/motivation.ro\/en\/employment-vulnerable-groups\/looking-ahead\/#primaryimage\"},\"image\":{\"@id\":\"https:\/\/motivation.ro\/en\/employment-vulnerable-groups\/looking-ahead\/#primaryimage\"},\"thumbnailUrl\":\"http:\/\/www.motivation.ro\/en\/uploads\/images\/IMPACT%20(2).jpg\",\"datePublished\":\"2015-12-09T11:21:37+00:00\",\"dateModified\":\"2016-02-23T11:32:11+00:00\",\"breadcrumb\":{\"@id\":\"https:\/\/motivation.ro\/en\/employment-vulnerable-groups\/looking-ahead\/#breadcrumb\"},\"inLanguage\":\"en-US\",\"potentialAction\":[{\"@type\":\"ReadAction\",\"target\":[\"https:\/\/motivation.ro\/en\/employment-vulnerable-groups\/looking-ahead\/\"]}]},{\"@type\":\"ImageObject\",\"inLanguage\":\"en-US\",\"@id\":\"https:\/\/motivation.ro\/en\/employment-vulnerable-groups\/looking-ahead\/#primaryimage\",\"url\":\"http:\/\/www.motivation.ro\/en\/uploads\/images\/IMPACT%20(2).jpg\",\"contentUrl\":\"http:\/\/www.motivation.ro\/en\/uploads\/images\/IMPACT%20(2).jpg\"},{\"@type\":\"BreadcrumbList\",\"@id\":\"https:\/\/motivation.ro\/en\/employment-vulnerable-groups\/looking-ahead\/#breadcrumb\",\"itemListElement\":[{\"@type\":\"ListItem\",\"position\":1,\"name\":\"Home\",\"item\":\"https:\/\/motivation.ro\/en\/\"},{\"@type\":\"ListItem\",\"position\":2,\"name\":\"Employment for vulnerable groups\",\"item\":\"https:\/\/motivation.ro\/en\/employment-vulnerable-groups\/\"},{\"@type\":\"ListItem\",\"position\":3,\"name\":\"Looking ahead\"}]},{\"@type\":\"WebSite\",\"@id\":\"https:\/\/motivation.ro\/en\/#website\",\"url\":\"https:\/\/motivation.ro\/en\/\",\"name\":\"Motivation Romania NGO\",\"description\":\"FMR\",\"publisher\":{\"@id\":\"https:\/\/motivation.ro\/en\/#organization\"},\"potentialAction\":[{\"@type\":\"SearchAction\",\"target\":{\"@type\":\"EntryPoint\",\"urlTemplate\":\"https:\/\/motivation.ro\/en\/?s={search_term_string}\"},\"query-input\":{\"@type\":\"PropertyValueSpecification\",\"valueRequired\":true,\"valueName\":\"search_term_string\"}}],\"inLanguage\":\"en-US\"},{\"@type\":\"Organization\",\"@id\":\"https:\/\/motivation.ro\/en\/#organization\",\"name\":\"Fundatia Motivation Romania\",\"url\":\"https:\/\/motivation.ro\/en\/\",\"logo\":{\"@type\":\"ImageObject\",\"inLanguage\":\"en-US\",\"@id\":\"https:\/\/motivation.ro\/en\/#\/schema\/logo\/image\/\",\"url\":\"https:\/\/motivation.ro\/en\/wp-content\/uploads\/sites\/10\/2015\/12\/logo_mot_shadow.png\",\"contentUrl\":\"https:\/\/motivation.ro\/en\/wp-content\/uploads\/sites\/10\/2015\/12\/logo_mot_shadow.png\",\"width\":350,\"height\":84,\"caption\":\"Fundatia Motivation Romania\"},\"image\":{\"@id\":\"https:\/\/motivation.ro\/en\/#\/schema\/logo\/image\/\"},\"sameAs\":[\"https:\/\/www.facebook.com\/FundatiaMotivationRomania\"]}]}<\/script>\n<!-- \/ Yoast SEO plugin. -->","yoast_head_json":{"title":"Looking ahead - Motivation Romania NGO","robots":{"index":"index","follow":"follow","max-snippet":"max-snippet:-1","max-image-preview":"max-image-preview:large","max-video-preview":"max-video-preview:-1"},"canonical":"https:\/\/motivation.ro\/en\/employment-vulnerable-groups\/looking-ahead\/","og_locale":"en_US","og_type":"article","og_title":"Looking ahead - Motivation Romania NGO","og_description":"Proiect cofinan\u0163at din Fondul Social European prin Programul Opera\u0163ional Sectorial Dezvoltarea Resurselor Umane 2007 \u2013 2013 Axa prioritar\u0103 2: \u201cCorelarea invatarii pe tot parcursul vietii cu piata muncii\u201d Domeniul major de interven\u0163ie 2.2. :\u201cPrevenirea si corectarea parasirii timpurii a scolii\u201d Titlul proiectului: \u201ePrivind spre viitor-o sansa de integrare pe piata muncii pentru persoanele cu dizabilitati\u201d...","og_url":"https:\/\/motivation.ro\/en\/employment-vulnerable-groups\/looking-ahead\/","og_site_name":"Motivation Romania NGO","article_publisher":"https:\/\/www.facebook.com\/FundatiaMotivationRomania","article_modified_time":"2016-02-23T11:32:11+00:00","og_image":[{"url":"http:\/\/www.motivation.ro\/en\/uploads\/images\/IMPACT%20(2).jpg","type":"","width":"","height":""}],"twitter_card":"summary_large_image","twitter_misc":{"Est. reading time":"2 minutes"},"schema":{"@context":"https:\/\/schema.org","@graph":[{"@type":"WebPage","@id":"https:\/\/motivation.ro\/en\/employment-vulnerable-groups\/looking-ahead\/","url":"https:\/\/motivation.ro\/en\/employment-vulnerable-groups\/looking-ahead\/","name":"Looking ahead - Motivation Romania NGO","isPartOf":{"@id":"https:\/\/motivation.ro\/en\/#website"},"primaryImageOfPage":{"@id":"https:\/\/motivation.ro\/en\/employment-vulnerable-groups\/looking-ahead\/#primaryimage"},"image":{"@id":"https:\/\/motivation.ro\/en\/employment-vulnerable-groups\/looking-ahead\/#primaryimage"},"thumbnailUrl":"http:\/\/www.motivation.ro\/en\/uploads\/images\/IMPACT%20(2).jpg","datePublished":"2015-12-09T11:21:37+00:00","dateModified":"2016-02-23T11:32:11+00:00","breadcrumb":{"@id":"https:\/\/motivation.ro\/en\/employment-vulnerable-groups\/looking-ahead\/#breadcrumb"},"inLanguage":"en-US","potentialAction":[{"@type":"ReadAction","target":["https:\/\/motivation.ro\/en\/employment-vulnerable-groups\/looking-ahead\/"]}]},{"@type":"ImageObject","inLanguage":"en-US","@id":"https:\/\/motivation.ro\/en\/employment-vulnerable-groups\/looking-ahead\/#primaryimage","url":"http:\/\/www.motivation.ro\/en\/uploads\/images\/IMPACT%20(2).jpg","contentUrl":"http:\/\/www.motivation.ro\/en\/uploads\/images\/IMPACT%20(2).jpg"},{"@type":"BreadcrumbList","@id":"https:\/\/motivation.ro\/en\/employment-vulnerable-groups\/looking-ahead\/#breadcrumb","itemListElement":[{"@type":"ListItem","position":1,"name":"Home","item":"https:\/\/motivation.ro\/en\/"},{"@type":"ListItem","position":2,"name":"Employment for vulnerable groups","item":"https:\/\/motivation.ro\/en\/employment-vulnerable-groups\/"},{"@type":"ListItem","position":3,"name":"Looking ahead"}]},{"@type":"WebSite","@id":"https:\/\/motivation.ro\/en\/#website","url":"https:\/\/motivation.ro\/en\/","name":"Motivation Romania NGO","description":"FMR","publisher":{"@id":"https:\/\/motivation.ro\/en\/#organization"},"potentialAction":[{"@type":"SearchAction","target":{"@type":"EntryPoint","urlTemplate":"https:\/\/motivation.ro\/en\/?s={search_term_string}"},"query-input":{"@type":"PropertyValueSpecification","valueRequired":true,"valueName":"search_term_string"}}],"inLanguage":"en-US"},{"@type":"Organization","@id":"https:\/\/motivation.ro\/en\/#organization","name":"Fundatia Motivation Romania","url":"https:\/\/motivation.ro\/en\/","logo":{"@type":"ImageObject","inLanguage":"en-US","@id":"https:\/\/motivation.ro\/en\/#\/schema\/logo\/image\/","url":"https:\/\/motivation.ro\/en\/wp-content\/uploads\/sites\/10\/2015\/12\/logo_mot_shadow.png","contentUrl":"https:\/\/motivation.ro\/en\/wp-content\/uploads\/sites\/10\/2015\/12\/logo_mot_shadow.png","width":350,"height":84,"caption":"Fundatia Motivation Romania"},"image":{"@id":"https:\/\/motivation.ro\/en\/#\/schema\/logo\/image\/"},"sameAs":["https:\/\/www.facebook.com\/FundatiaMotivationRomania"]}]}},"_links":{"self":[{"href":"https:\/\/motivation.ro\/en\/wp-json\/wp\/v2\/pages\/220","targetHints":{"allow":["GET"]}}],"collection":[{"href":"https:\/\/motivation.ro\/en\/wp-json\/wp\/v2\/pages"}],"about":[{"href":"https:\/\/motivation.ro\/en\/wp-json\/wp\/v2\/types\/page"}],"author":[{"embeddable":true,"href":"https:\/\/motivation.ro\/en\/wp-json\/wp\/v2\/users\/1"}],"replies":[{"embeddable":true,"href":"https:\/\/motivation.ro\/en\/wp-json\/wp\/v2\/comments?post=220"}],"version-history":[{"count":2,"href":"https:\/\/motivation.ro\/en\/wp-json\/wp\/v2\/pages\/220\/revisions"}],"predecessor-version":[{"id":2374,"href":"https:\/\/motivation.ro\/en\/wp-json\/wp\/v2\/pages\/220\/revisions\/2374"}],"up":[{"embeddable":true,"href":"https:\/\/motivation.ro\/en\/wp-json\/wp\/v2\/pages\/204"}],"wp:attachment":[{"href":"https:\/\/motivation.ro\/en\/wp-json\/wp\/v2\/media?parent=220"}],"curies":[{"name":"wp","href":"https:\/\/api.w.org\/{rel}","templated":true}]}}